{"id":32,"date":"2014-02-13T16:49:28","date_gmt":"2014-02-13T15:49:28","guid":{"rendered":"http:\/\/vita-gv.fr\/?page_id=32"},"modified":"2025-05-02T09:48:07","modified_gmt":"2025-05-02T07:48:07","slug":"actualites-sportives","status":"publish","type":"page","link":"https:\/\/vita-gv.fr\/index.php\/actualites-sportives\/","title":{"rendered":"ACTUALITES SPORTIVES"},"content":{"rendered":"<div class=\"fusion-fullwidth fullwidth-box fusion-builder-row-1 fusion-flex-container nonhundred-percent-fullwidth non-hundred-percent-height-scrolling\" style=\"--awb-border-radius-top-left:0px;--awb-border-radius-top-right:0px;--awb-border-radius-bottom-right:0px;--awb-border-radius-bottom-left:0px;--awb-margin-bottom:60px;--awb-flex-wrap:wrap;\" ><div class=\"fusion-builder-row fusion-row fusion-flex-align-items-flex-start fusion-flex-content-wrap\" style=\"max-width:calc( 1100px + 0px );margin-left: calc(-0px \/ 2 );margin-right: calc(-0px \/ 2 );\"><div class=\"fusion-layout-column fusion_builder_column fusion-builder-column-0 fusion_builder_column_1_1 1_1 fusion-flex-column\" style=\"--awb-bg-size:cover;--awb-width-large:100%;--awb-margin-top-large:0px;--awb-spacing-right-large:0px;--awb-margin-bottom-large:0px;--awb-spacing-left-large:0px;--awb-width-medium:100%;--awb-spacing-right-medium:0px;--awb-spacing-left-medium:0px;--awb-width-small:100%;--awb-spacing-right-small:0px;--awb-spacing-left-small:0px;\"><div class=\"fusion-column-wrapper fusion-flex-justify-content-flex-start fusion-content-layout-column\"><div class=\"fusion-blog-shortcode fusion-blog-shortcode-1 fusion-blog-archive fusion-blog-layout-grid-wrapper fusion-blog-pagination\"><style type=\"text\/css\">.fusion-blog-shortcode-1 .fusion-blog-layout-grid .fusion-post-grid{padding:20px;}.fusion-blog-shortcode-1 .fusion-posts-container{margin-left: -20px !important; margin-right:-20px !important;}<\/style><div class=\"fusion-posts-container fusion-posts-container-pagination fusion-blog-layout-grid fusion-blog-layout-grid-3 isotope\" data-pages=\"4\" data-grid-col-space=\"40\" style=\"margin: -20px -20px 0;min-height:500px;\"><article id=\"blog-1-post-4610\" class=\"fusion-post-grid post-4610 post type-post status-publish format-standard has-post-thumbnail hentry category-non-classe category-vie-associative\">\n<div class=\"fusion-post-wrapper\" style=\"background-color:rgba(255,255,255,0);border:1px solid #ebeaea;border-bottom-width:3px;\">\n\n\t\t\t<div class=\"fusion-flexslider flexslider fusion-flexslider-loading fusion-post-slideshow\" style=\"border-color:#ebeaea;\">\n\t\t<ul class=\"slides\">\n\t\t\t\n\t\t\t\t\t\t\t\t\t\t\t\t\t\t<li><div  class=\"fusion-image-wrapper\" aria-haspopup=\"true\">\n\t\t\t\t\t\t\t<a href=\"https:\/\/vita-gv.fr\/index.php\/2025\/11\/08\/reunion-des-responsables-de-cours-2025\/\" aria-label=\"R\u00e9union des Responsables de Cours 2025\">\n\t\t\t\t\t\t\t<img decoding=\"async\" width=\"1920\" height=\"1080\" src=\"https:\/\/vita-gv.fr\/wp-content\/uploads\/2025\/11\/R5D_3411.jpg\" class=\"attachment-full size-full wp-post-image\" alt=\"\" srcset=\"https:\/\/vita-gv.fr\/wp-content\/uploads\/2025\/11\/R5D_3411-200x113.jpg 200w, https:\/\/vita-gv.fr\/wp-content\/uploads\/2025\/11\/R5D_3411-400x225.jpg 400w, https:\/\/vita-gv.fr\/wp-content\/uploads\/2025\/11\/R5D_3411-600x338.jpg 600w, https:\/\/vita-gv.fr\/wp-content\/uploads\/2025\/11\/R5D_3411-800x450.jpg 800w, https:\/\/vita-gv.fr\/wp-content\/uploads\/2025\/11\/R5D_3411-1200x675.jpg 1200w, https:\/\/vita-gv.fr\/wp-content\/uploads\/2025\/11\/R5D_3411.jpg 1920w\" sizes=\"(min-width: 2200px) 100vw, (min-width: 784px) 340px, (min-width: 712px) 510px, (min-width: 640px) 712px, \" \/>\t\t\t<\/a>\n\t\t\t\t\t\t\t<\/div>\n<\/li>\n\t\t\t\n\t\t\t\n\t\t\t\t\t\t\t\t\t\t\t\t\t\t\t\t\t\t\t\t\t\t\t\t\t\t\t\t\t\t\t\t\t\t\t\t\t\t\t\t\t\t\t\t\t\t\t\t\t\t\t\t\t\t\t\t\t\t\t\t\t\t\t\t\t\t\t\t<\/ul>\n\t<\/div>\n\t<div class=\"fusion-post-content-wrapper\" style=\"padding:30px 25px 20px 25px;\"><div class=\"fusion-post-content post-content\"><h2 class=\"blog-shortcode-post-title entry-title\"><a href=\"https:\/\/vita-gv.fr\/index.php\/2025\/11\/08\/reunion-des-responsables-de-cours-2025\/\">R\u00e9union des Responsables de Cours 2025<\/a><\/h2><p class=\"fusion-single-line-meta\"><span class=\"vcard\" style=\"display: none;\"><span class=\"fn\"><a href=\"https:\/\/vita-gv.fr\/index.php\/author\/admin5947\/\" title=\"Articles par admin5947\" rel=\"author\">admin5947<\/a><\/span><\/span><span class=\"updated\" style=\"display:none;\">2025-12-07T15:47:21+01:00<\/span><span>novembre 8th, 2025<\/span><span class=\"fusion-inline-sep\">|<\/span><a href=\"https:\/\/vita-gv.fr\/index.php\/category\/non-classe\/\" rel=\"category tag\">Non class\u00e9<\/a>, <a href=\"https:\/\/vita-gv.fr\/index.php\/category\/vie-associative\/\" rel=\"category tag\">VIE ASSOCIATIVE<\/a><span class=\"fusion-inline-sep\">|<\/span><\/p><div class=\"fusion-content-sep sep-double sep-solid\"><\/div><div class=\"fusion-post-content-container\"><p>Le 03 octobre Vita-GV s'est r\u00e9uni dans une ambiance conviviale [...]<\/p><\/div><\/div><\/div><div class=\"fusion-clearfix\"><\/div><\/div>\n<\/article>\n<article id=\"blog-1-post-4549\" class=\"fusion-post-grid post-4549 post type-post status-publish format-image has-post-thumbnail hentry category-vie-associative post_format-post-format-image\">\n<div class=\"fusion-post-wrapper\" style=\"background-color:rgba(255,255,255,0);border:1px solid #ebeaea;border-bottom-width:3px;\">\n\n\t\t\t<div class=\"fusion-flexslider flexslider fusion-flexslider-loading fusion-post-slideshow\" style=\"border-color:#ebeaea;\">\n\t\t<ul class=\"slides\">\n\t\t\t\n\t\t\t\t\t\t\t\t\t\t\t\t\t\t<li><div  class=\"fusion-image-wrapper\" aria-haspopup=\"true\">\n\t\t\t\t\t\t\t<a href=\"https:\/\/vita-gv.fr\/index.php\/2025\/08\/07\/journee-des-associations-2025\/\" aria-label=\"\u00a0Journ\u00e9e des Associations 2025\">\n\t\t\t\t\t\t\t<img decoding=\"async\" width=\"1920\" height=\"1280\" src=\"https:\/\/vita-gv.fr\/wp-content\/uploads\/2025\/08\/R5D_3366.jpg\" class=\"attachment-full size-full wp-post-image\" alt=\"\" srcset=\"https:\/\/vita-gv.fr\/wp-content\/uploads\/2025\/08\/R5D_3366-200x133.jpg 200w, https:\/\/vita-gv.fr\/wp-content\/uploads\/2025\/08\/R5D_3366-400x267.jpg 400w, https:\/\/vita-gv.fr\/wp-content\/uploads\/2025\/08\/R5D_3366-600x400.jpg 600w, https:\/\/vita-gv.fr\/wp-content\/uploads\/2025\/08\/R5D_3366-800x533.jpg 800w, https:\/\/vita-gv.fr\/wp-content\/uploads\/2025\/08\/R5D_3366-1200x800.jpg 1200w, https:\/\/vita-gv.fr\/wp-content\/uploads\/2025\/08\/R5D_3366.jpg 1920w\" sizes=\"(min-width: 2200px) 100vw, (min-width: 784px) 340px, (min-width: 712px) 510px, (min-width: 640px) 712px, \" \/>\t\t\t<\/a>\n\t\t\t\t\t\t\t<\/div>\n<\/li>\n\t\t\t\n\t\t\t\n\t\t\t\t\t\t\t\t\t\t\t\t\t\t\t\t\t\t\t\t\t\t\t\t\t\t\t\t\t\t\t\t\t\t\t\t\t\t\t\t\t\t\t\t\t\t\t\t\t\t\t\t\t\t\t\t\t\t\t\t\t\t\t\t\t\t\t\t<\/ul>\n\t<\/div>\n\t<div class=\"fusion-post-content-wrapper\" style=\"padding:30px 25px 20px 25px;\"><div class=\"fusion-post-content post-content\"><h2 class=\"blog-shortcode-post-title entry-title\"><a href=\"https:\/\/vita-gv.fr\/index.php\/2025\/08\/07\/journee-des-associations-2025\/\">\u00a0Journ\u00e9e des Associations 2025<\/a><\/h2><p class=\"fusion-single-line-meta\"><span class=\"vcard\" style=\"display: none;\"><span class=\"fn\"><a href=\"https:\/\/vita-gv.fr\/index.php\/author\/admin5947\/\" title=\"Articles par admin5947\" rel=\"author\">admin5947<\/a><\/span><\/span><span class=\"updated\" style=\"display:none;\">2025-11-08T14:37:06+01:00<\/span><span>ao\u00fbt 7th, 2025<\/span><span class=\"fusion-inline-sep\">|<\/span><a href=\"https:\/\/vita-gv.fr\/index.php\/category\/vie-associative\/\" rel=\"category tag\">VIE ASSOCIATIVE<\/a><span class=\"fusion-inline-sep\">|<\/span><\/p><div class=\"fusion-content-sep sep-double sep-solid\"><\/div><div class=\"fusion-post-content-container\"><p>\u00a0 Le 06 septembre au stand 50, d\u00e8s 10h du [...]<\/p><\/div><\/div><\/div><div class=\"fusion-clearfix\"><\/div><\/div>\n<\/article>\n<article id=\"blog-1-post-4437\" class=\"fusion-post-grid post-4437 post type-post status-publish format-standard has-post-thumbnail hentry category-vie-associative\">\n<div class=\"fusion-post-wrapper\" style=\"background-color:rgba(255,255,255,0);border:1px solid #ebeaea;border-bottom-width:3px;\">\n\n\t\t\t<div class=\"fusion-flexslider flexslider fusion-flexslider-loading fusion-post-slideshow\" style=\"border-color:#ebeaea;\">\n\t\t<ul class=\"slides\">\n\t\t\t\n\t\t\t\t\t\t\t\t\t\t\t\t\t\t<li><div  class=\"fusion-image-wrapper\" aria-haspopup=\"true\">\n\t\t\t\t\t\t\t<a href=\"https:\/\/vita-gv.fr\/index.php\/2023\/10\/04\/journee-des-associations-2023\/\" aria-label=\"Journ\u00e9e des Associations 2023\">\n\t\t\t\t\t\t\t<img decoding=\"async\" width=\"2560\" height=\"2108\" src=\"https:\/\/vita-gv.fr\/wp-content\/uploads\/2023\/10\/IMG_7544-b-scaled.jpg\" class=\"attachment-full size-full wp-post-image\" alt=\"\" srcset=\"https:\/\/vita-gv.fr\/wp-content\/uploads\/2023\/10\/IMG_7544-b-200x165.jpg 200w, https:\/\/vita-gv.fr\/wp-content\/uploads\/2023\/10\/IMG_7544-b-400x329.jpg 400w, https:\/\/vita-gv.fr\/wp-content\/uploads\/2023\/10\/IMG_7544-b-600x494.jpg 600w, https:\/\/vita-gv.fr\/wp-content\/uploads\/2023\/10\/IMG_7544-b-800x659.jpg 800w, https:\/\/vita-gv.fr\/wp-content\/uploads\/2023\/10\/IMG_7544-b-1200x988.jpg 1200w, https:\/\/vita-gv.fr\/wp-content\/uploads\/2023\/10\/IMG_7544-b-scaled.jpg 2560w\" sizes=\"(min-width: 2200px) 100vw, (min-width: 784px) 340px, (min-width: 712px) 510px, (min-width: 640px) 712px, \" \/>\t\t\t<\/a>\n\t\t\t\t\t\t\t<\/div>\n<\/li>\n\t\t\t\n\t\t\t\n\t\t\t\t\t\t\t\t\t\t\t\t\t\t\t\t\t\t\t\t\t\t\t\t\t\t\t\t\t\t\t\t\t\t\t\t\t\t\t\t\t\t\t\t\t\t\t\t\t\t\t\t\t\t\t\t\t\t\t\t\t\t\t\t\t\t\t\t<\/ul>\n\t<\/div>\n\t<div class=\"fusion-post-content-wrapper\" style=\"padding:30px 25px 20px 25px;\"><div class=\"fusion-post-content post-content\"><h2 class=\"blog-shortcode-post-title entry-title\"><a href=\"https:\/\/vita-gv.fr\/index.php\/2023\/10\/04\/journee-des-associations-2023\/\">Journ\u00e9e des Associations 2023<\/a><\/h2><p class=\"fusion-single-line-meta\"><span class=\"vcard\" style=\"display: none;\"><span class=\"fn\"><a href=\"https:\/\/vita-gv.fr\/index.php\/author\/admin5947\/\" title=\"Articles par admin5947\" rel=\"author\">admin5947<\/a><\/span><\/span><span class=\"updated\" style=\"display:none;\">2025-05-02T11:26:12+02:00<\/span><span>octobre 4th, 2023<\/span><span class=\"fusion-inline-sep\">|<\/span><a href=\"https:\/\/vita-gv.fr\/index.php\/category\/vie-associative\/\" rel=\"category tag\">VIE ASSOCIATIVE<\/a><span class=\"fusion-inline-sep\">|<\/span><\/p><div class=\"fusion-content-sep sep-double sep-solid\"><\/div><div class=\"fusion-post-content-container\"><p>\u00a0 Samedi 9 septembre 2023, l\u2019\u00e9quipe VITA-GV s\u2019est retrouv\u00e9e pour [...]<\/p><\/div><\/div><\/div><div class=\"fusion-clearfix\"><\/div><\/div>\n<\/article>\n<article id=\"blog-1-post-4364\" class=\"fusion-post-grid post-4364 post type-post status-publish format-standard has-post-thumbnail hentry category-vie-associative\">\n<div class=\"fusion-post-wrapper\" style=\"background-color:rgba(255,255,255,0);border:1px solid #ebeaea;border-bottom-width:3px;\">\n\n\t\t\t<div class=\"fusion-flexslider flexslider fusion-flexslider-loading fusion-post-slideshow\" style=\"border-color:#ebeaea;\">\n\t\t<ul class=\"slides\">\n\t\t\t\n\t\t\t\t\t\t\t\t\t\t\t\t\t\t<li><div  class=\"fusion-image-wrapper\" aria-haspopup=\"true\">\n\t\t\t\t\t\t\t<a href=\"https:\/\/vita-gv.fr\/index.php\/2022\/11\/09\/journee-des-associations-2022\/\" aria-label=\"\u00a0Journ\u00e9e des Associations 2022\u00a0\">\n\t\t\t\t\t\t\t<img decoding=\"async\" width=\"2560\" height=\"1920\" src=\"https:\/\/vita-gv.fr\/wp-content\/uploads\/2022\/11\/JA-2022-scaled.jpg\" class=\"attachment-full size-full wp-post-image\" alt=\"\" srcset=\"https:\/\/vita-gv.fr\/wp-content\/uploads\/2022\/11\/JA-2022-200x150.jpg 200w, https:\/\/vita-gv.fr\/wp-content\/uploads\/2022\/11\/JA-2022-400x300.jpg 400w, https:\/\/vita-gv.fr\/wp-content\/uploads\/2022\/11\/JA-2022-600x450.jpg 600w, https:\/\/vita-gv.fr\/wp-content\/uploads\/2022\/11\/JA-2022-800x600.jpg 800w, https:\/\/vita-gv.fr\/wp-content\/uploads\/2022\/11\/JA-2022-1200x900.jpg 1200w, https:\/\/vita-gv.fr\/wp-content\/uploads\/2022\/11\/JA-2022-scaled.jpg 2560w\" sizes=\"(min-width: 2200px) 100vw, (min-width: 784px) 340px, (min-width: 712px) 510px, (min-width: 640px) 712px, \" \/>\t\t\t<\/a>\n\t\t\t\t\t\t\t<\/div>\n<\/li>\n\t\t\t\n\t\t\t\n\t\t\t\t\t\t\t\t\t\t\t\t\t\t\t\t\t\t\t\t\t\t\t\t\t\t\t\t\t\t\t\t\t\t\t\t\t\t\t\t\t\t\t\t\t\t\t\t\t\t\t\t\t\t\t\t\t\t\t\t\t\t\t\t\t\t\t\t<\/ul>\n\t<\/div>\n\t<div class=\"fusion-post-content-wrapper\" style=\"padding:30px 25px 20px 25px;\"><div class=\"fusion-post-content post-content\"><h2 class=\"blog-shortcode-post-title entry-title\"><a href=\"https:\/\/vita-gv.fr\/index.php\/2022\/11\/09\/journee-des-associations-2022\/\">\u00a0Journ\u00e9e des Associations 2022\u00a0<\/a><\/h2><p class=\"fusion-single-line-meta\"><span class=\"vcard\" style=\"display: none;\"><span class=\"fn\"><a href=\"https:\/\/vita-gv.fr\/index.php\/author\/admin5947\/\" title=\"Articles par admin5947\" rel=\"author\">admin5947<\/a><\/span><\/span><span class=\"updated\" style=\"display:none;\">2025-05-02T11:26:13+02:00<\/span><span>novembre 9th, 2022<\/span><span class=\"fusion-inline-sep\">|<\/span><a href=\"https:\/\/vita-gv.fr\/index.php\/category\/vie-associative\/\" rel=\"category tag\">VIE ASSOCIATIVE<\/a><span class=\"fusion-inline-sep\">|<\/span><\/p><div class=\"fusion-content-sep sep-double sep-solid\"><\/div><div class=\"fusion-post-content-container\"><p>Samedi 3 septembre 2022, l\u2019\u00e9quipe VITA-GV s\u2019est retrouv\u00e9e pour lancer [...]<\/p><\/div><\/div><\/div><div class=\"fusion-clearfix\"><\/div><\/div>\n<\/article>\n<article id=\"blog-1-post-4300\" class=\"fusion-post-grid post-4300 post type-post status-publish format-standard has-post-thumbnail hentry category-vie-associative\">\n<div class=\"fusion-post-wrapper\" style=\"background-color:rgba(255,255,255,0);border:1px solid #ebeaea;border-bottom-width:3px;\">\n\n\t\t\t<div class=\"fusion-flexslider flexslider fusion-flexslider-loading fusion-post-slideshow\" style=\"border-color:#ebeaea;\">\n\t\t<ul class=\"slides\">\n\t\t\t\n\t\t\t\t\t\t\t\t\t\t\t\t\t\t<li><div  class=\"fusion-image-wrapper\" aria-haspopup=\"true\">\n\t\t\t\t\t\t\t<a href=\"https:\/\/vita-gv.fr\/index.php\/2022\/08\/16\/journee-des-associations-2021\/\" aria-label=\"Journ\u00e9e des Associations 2021\">\n\t\t\t\t\t\t\t<img decoding=\"async\" width=\"1024\" height=\"768\" src=\"https:\/\/vita-gv.fr\/wp-content\/uploads\/2022\/08\/Photo-journee-associations-04092021.jpg\" class=\"attachment-full size-full wp-post-image\" alt=\"\" srcset=\"https:\/\/vita-gv.fr\/wp-content\/uploads\/2022\/08\/Photo-journee-associations-04092021-200x150.jpg 200w, https:\/\/vita-gv.fr\/wp-content\/uploads\/2022\/08\/Photo-journee-associations-04092021-400x300.jpg 400w, https:\/\/vita-gv.fr\/wp-content\/uploads\/2022\/08\/Photo-journee-associations-04092021-600x450.jpg 600w, https:\/\/vita-gv.fr\/wp-content\/uploads\/2022\/08\/Photo-journee-associations-04092021-800x600.jpg 800w, https:\/\/vita-gv.fr\/wp-content\/uploads\/2022\/08\/Photo-journee-associations-04092021.jpg 1024w\" sizes=\"(min-width: 2200px) 100vw, (min-width: 784px) 340px, (min-width: 712px) 510px, (min-width: 640px) 712px, \" \/>\t\t\t<\/a>\n\t\t\t\t\t\t\t<\/div>\n<\/li>\n\t\t\t\n\t\t\t\n\t\t\t\t\t\t\t\t\t\t\t\t\t\t\t\t\t\t\t\t\t\t\t\t\t\t\t\t\t\t\t\t\t\t\t\t\t\t\t\t\t\t\t\t\t\t\t\t\t\t\t\t\t\t\t\t\t\t\t\t\t\t\t\t\t\t\t\t<\/ul>\n\t<\/div>\n\t<div class=\"fusion-post-content-wrapper\" style=\"padding:30px 25px 20px 25px;\"><div class=\"fusion-post-content post-content\"><h2 class=\"blog-shortcode-post-title entry-title\"><a href=\"https:\/\/vita-gv.fr\/index.php\/2022\/08\/16\/journee-des-associations-2021\/\">Journ\u00e9e des Associations 2021<\/a><\/h2><p class=\"fusion-single-line-meta\"><span class=\"vcard\" style=\"display: none;\"><span class=\"fn\"><a href=\"https:\/\/vita-gv.fr\/index.php\/author\/admin5947\/\" title=\"Articles par admin5947\" rel=\"author\">admin5947<\/a><\/span><\/span><span class=\"updated\" style=\"display:none;\">2025-05-02T11:26:13+02:00<\/span><span>ao\u00fbt 16th, 2022<\/span><span class=\"fusion-inline-sep\">|<\/span><a href=\"https:\/\/vita-gv.fr\/index.php\/category\/vie-associative\/\" rel=\"category tag\">VIE ASSOCIATIVE<\/a><span class=\"fusion-inline-sep\">|<\/span><\/p><div class=\"fusion-content-sep sep-double sep-solid\"><\/div><div class=\"fusion-post-content-container\"><p> \u00ab\u00a0Samedi 4 septembre 2021, l\u2019\u00e9quipe VITA-GV s\u2019est retrouv\u00e9e pour [...]<\/p><\/div><\/div><\/div><div class=\"fusion-clearfix\"><\/div><\/div>\n<\/article>\n<article id=\"blog-1-post-4291\" class=\"fusion-post-grid post-4291 post type-post status-publish format-standard has-post-thumbnail hentry category-reunions\">\n<div class=\"fusion-post-wrapper\" style=\"background-color:rgba(255,255,255,0);border:1px solid #ebeaea;border-bottom-width:3px;\">\n\n\t\t\t<div class=\"fusion-flexslider flexslider fusion-flexslider-loading fusion-post-slideshow\" style=\"border-color:#ebeaea;\">\n\t\t<ul class=\"slides\">\n\t\t\t\n\t\t\t\t\t\t\t\t\t\t\t\t\t\t<li><div  class=\"fusion-image-wrapper\" aria-haspopup=\"true\">\n\t\t\t\t\t\t\t<a href=\"https:\/\/vita-gv.fr\/index.php\/2022\/08\/16\/assemblee-generale-ordinaire-saison-2020-2021-du-10-decembre-2021\/\" aria-label=\"Assembl\u00e9e G\u00e9n\u00e9rale Ordinaire, Saison 2020-2021 du 10 d\u00e9cembre 2021\">\n\t\t\t\t\t\t\t<img decoding=\"async\" width=\"2016\" height=\"1512\" src=\"https:\/\/vita-gv.fr\/wp-content\/uploads\/2022\/08\/photo-AG-10122021.jpg\" class=\"attachment-full size-full wp-post-image\" alt=\"\" srcset=\"https:\/\/vita-gv.fr\/wp-content\/uploads\/2022\/08\/photo-AG-10122021-200x150.jpg 200w, https:\/\/vita-gv.fr\/wp-content\/uploads\/2022\/08\/photo-AG-10122021-400x300.jpg 400w, https:\/\/vita-gv.fr\/wp-content\/uploads\/2022\/08\/photo-AG-10122021-600x450.jpg 600w, https:\/\/vita-gv.fr\/wp-content\/uploads\/2022\/08\/photo-AG-10122021-800x600.jpg 800w, https:\/\/vita-gv.fr\/wp-content\/uploads\/2022\/08\/photo-AG-10122021-1200x900.jpg 1200w, https:\/\/vita-gv.fr\/wp-content\/uploads\/2022\/08\/photo-AG-10122021.jpg 2016w\" sizes=\"(min-width: 2200px) 100vw, (min-width: 784px) 340px, (min-width: 712px) 510px, (min-width: 640px) 712px, \" \/>\t\t\t<\/a>\n\t\t\t\t\t\t\t<\/div>\n<\/li>\n\t\t\t\n\t\t\t\n\t\t\t\t\t\t\t\t\t\t\t\t\t\t\t\t\t\t\t\t\t\t\t\t\t\t\t\t\t\t\t\t\t\t\t\t\t\t\t\t\t\t\t\t\t\t\t\t\t\t\t\t\t\t\t\t\t\t\t\t\t\t\t\t\t\t\t\t<\/ul>\n\t<\/div>\n\t<div class=\"fusion-post-content-wrapper\" style=\"padding:30px 25px 20px 25px;\"><div class=\"fusion-post-content post-content\"><h2 class=\"blog-shortcode-post-title entry-title\"><a href=\"https:\/\/vita-gv.fr\/index.php\/2022\/08\/16\/assemblee-generale-ordinaire-saison-2020-2021-du-10-decembre-2021\/\">Assembl\u00e9e G\u00e9n\u00e9rale Ordinaire, Saison 2020-2021 du 10 d\u00e9cembre 2021<\/a><\/h2><p class=\"fusion-single-line-meta\"><span class=\"vcard\" style=\"display: none;\"><span class=\"fn\"><a href=\"https:\/\/vita-gv.fr\/index.php\/author\/admin5947\/\" title=\"Articles par admin5947\" rel=\"author\">admin5947<\/a><\/span><\/span><span class=\"updated\" style=\"display:none;\">2025-05-02T11:26:13+02:00<\/span><span>ao\u00fbt 16th, 2022<\/span><span class=\"fusion-inline-sep\">|<\/span><a href=\"https:\/\/vita-gv.fr\/index.php\/category\/reunions\/\" rel=\"category tag\">REUNIONS VITA-GV<\/a><span class=\"fusion-inline-sep\">|<\/span><\/p><div class=\"fusion-content-sep sep-double sep-solid\"><\/div><div class=\"fusion-post-content-container\"><p> \u00a0 Vendredi 10 d\u00e9cembre 2021, malgr\u00e9 le contexte sanitaire, [...]<\/p><\/div><\/div><\/div><div class=\"fusion-clearfix\"><\/div><\/div>\n<\/article>\n<article id=\"blog-1-post-4243\" class=\"fusion-post-grid post-4243 post type-post status-publish format-standard has-post-thumbnail hentry category-vie-associative\">\n<div class=\"fusion-post-wrapper\" style=\"background-color:rgba(255,255,255,0);border:1px solid #ebeaea;border-bottom-width:3px;\">\n\n\t\t\t<div class=\"fusion-flexslider flexslider fusion-flexslider-loading fusion-post-slideshow\" style=\"border-color:#ebeaea;\">\n\t\t<ul class=\"slides\">\n\t\t\t\n\t\t\t\t\t\t\t\t\t\t\t\t\t\t<li><div  class=\"fusion-image-wrapper\" aria-haspopup=\"true\">\n\t\t\t\t\t\t\t<a href=\"https:\/\/vita-gv.fr\/index.php\/2021\/07\/20\/on-parle-de-nous-dans-vincennes-info-juillet-2021\/\" aria-label=\"On parle de nous dans VINCENNES Info \u2013 Juillet 2021\">\n\t\t\t\t\t\t\t<img decoding=\"async\" width=\"287\" height=\"378\" src=\"https:\/\/vita-gv.fr\/wp-content\/uploads\/2021\/07\/V_infosjuillet21.jpg\" class=\"attachment-full size-full wp-post-image\" alt=\"\" srcset=\"https:\/\/vita-gv.fr\/wp-content\/uploads\/2021\/07\/V_infosjuillet21-200x263.jpg 200w, https:\/\/vita-gv.fr\/wp-content\/uploads\/2021\/07\/V_infosjuillet21.jpg 287w\" sizes=\"(min-width: 2200px) 100vw, (min-width: 784px) 340px, (min-width: 712px) 510px, (min-width: 640px) 712px, \" \/>\t\t\t<\/a>\n\t\t\t\t\t\t\t<\/div>\n<\/li>\n\t\t\t\n\t\t\t\n\t\t\t\t\t\t\t\t\t\t\t\t\t\t\t\t\t\t\t\t\t\t\t\t\t\t\t\t\t\t\t\t\t\t\t\t\t\t\t\t\t\t\t\t\t\t\t\t\t\t\t\t\t\t\t\t\t\t\t\t\t\t\t\t\t\t\t\t<\/ul>\n\t<\/div>\n\t<div class=\"fusion-post-content-wrapper\" style=\"padding:30px 25px 20px 25px;\"><div class=\"fusion-post-content post-content\"><h2 class=\"blog-shortcode-post-title entry-title\"><a href=\"https:\/\/vita-gv.fr\/index.php\/2021\/07\/20\/on-parle-de-nous-dans-vincennes-info-juillet-2021\/\">On parle de nous dans VINCENNES Info \u2013 Juillet 2021<\/a><\/h2><p class=\"fusion-single-line-meta\"><span class=\"vcard\" style=\"display: none;\"><span class=\"fn\"><a href=\"https:\/\/vita-gv.fr\/index.php\/author\/admin5947\/\" title=\"Articles par admin5947\" rel=\"author\">admin5947<\/a><\/span><\/span><span class=\"updated\" style=\"display:none;\">2025-05-02T11:26:13+02:00<\/span><span>juillet 20th, 2021<\/span><span class=\"fusion-inline-sep\">|<\/span><a href=\"https:\/\/vita-gv.fr\/index.php\/category\/vie-associative\/\" rel=\"category tag\">VIE ASSOCIATIVE<\/a><span class=\"fusion-inline-sep\">|<\/span><\/p><div class=\"fusion-content-sep sep-double sep-solid\"><\/div><div class=\"fusion-post-content-container\"><p>  VINCENNES Info \u2013 Juillet 2021 a \u00e9crit un [...]<\/p><\/div><\/div><\/div><div class=\"fusion-clearfix\"><\/div><\/div>\n<\/article>\n<article id=\"blog-1-post-4130\" class=\"fusion-post-grid post-4130 post type-post status-publish format-standard has-post-thumbnail hentry category-non-classe category-reunions\">\n<div class=\"fusion-post-wrapper\" style=\"background-color:rgba(255,255,255,0);border:1px solid #ebeaea;border-bottom-width:3px;\">\n\n\t\t\t<div class=\"fusion-flexslider flexslider fusion-flexslider-loading fusion-post-slideshow\" style=\"border-color:#ebeaea;\">\n\t\t<ul class=\"slides\">\n\t\t\t\n\t\t\t\t\t\t\t\t\t\t\t\t\t\t<li><div  class=\"fusion-image-wrapper\" aria-haspopup=\"true\">\n\t\t\t\t\t\t\t<a href=\"https:\/\/vita-gv.fr\/index.php\/2019\/12\/06\/assemblee-generale-ordinaire-saison-2018-2019-du-22-novembre-2019\/\" aria-label=\"Assembl\u00e9e G\u00e9n\u00e9rale Ordinaire, Saison 2018-2019 du 22 novembre 2019\">\n\t\t\t\t\t\t\t<img decoding=\"async\" width=\"2554\" height=\"1513\" src=\"https:\/\/vita-gv.fr\/wp-content\/uploads\/2019\/11\/AG-Vita-GV-du-22-novembre-P1300537.jpg\" class=\"attachment-full size-full wp-post-image\" alt=\"\" srcset=\"https:\/\/vita-gv.fr\/wp-content\/uploads\/2019\/11\/AG-Vita-GV-du-22-novembre-P1300537-200x118.jpg 200w, https:\/\/vita-gv.fr\/wp-content\/uploads\/2019\/11\/AG-Vita-GV-du-22-novembre-P1300537-400x237.jpg 400w, https:\/\/vita-gv.fr\/wp-content\/uploads\/2019\/11\/AG-Vita-GV-du-22-novembre-P1300537-600x355.jpg 600w, https:\/\/vita-gv.fr\/wp-content\/uploads\/2019\/11\/AG-Vita-GV-du-22-novembre-P1300537-800x474.jpg 800w, https:\/\/vita-gv.fr\/wp-content\/uploads\/2019\/11\/AG-Vita-GV-du-22-novembre-P1300537-1200x711.jpg 1200w, https:\/\/vita-gv.fr\/wp-content\/uploads\/2019\/11\/AG-Vita-GV-du-22-novembre-P1300537.jpg 2554w\" sizes=\"(min-width: 2200px) 100vw, (min-width: 784px) 340px, (min-width: 712px) 510px, (min-width: 640px) 712px, \" \/>\t\t\t<\/a>\n\t\t\t\t\t\t\t<\/div>\n<\/li>\n\t\t\t\n\t\t\t\n\t\t\t\t\t\t\t\t\t\t\t\t\t\t\t\t\t\t\t\t\t\t\t\t\t\t\t\t\t\t\t\t\t\t\t\t\t\t\t\t\t\t\t\t\t\t\t\t\t\t\t\t\t\t\t\t\t\t\t\t\t\t\t\t\t\t\t\t<\/ul>\n\t<\/div>\n\t<div class=\"fusion-post-content-wrapper\" style=\"padding:30px 25px 20px 25px;\"><div class=\"fusion-post-content post-content\"><h2 class=\"blog-shortcode-post-title entry-title\"><a href=\"https:\/\/vita-gv.fr\/index.php\/2019\/12\/06\/assemblee-generale-ordinaire-saison-2018-2019-du-22-novembre-2019\/\">Assembl\u00e9e G\u00e9n\u00e9rale Ordinaire, Saison 2018-2019 du 22 novembre 2019<\/a><\/h2><p class=\"fusion-single-line-meta\"><span class=\"vcard\" style=\"display: none;\"><span class=\"fn\"><a href=\"https:\/\/vita-gv.fr\/index.php\/author\/admin5947\/\" title=\"Articles par admin5947\" rel=\"author\">admin5947<\/a><\/span><\/span><span class=\"updated\" style=\"display:none;\">2025-05-02T11:26:13+02:00<\/span><span>d\u00e9cembre 6th, 2019<\/span><span class=\"fusion-inline-sep\">|<\/span><a href=\"https:\/\/vita-gv.fr\/index.php\/category\/non-classe\/\" rel=\"category tag\">Non class\u00e9<\/a>, <a href=\"https:\/\/vita-gv.fr\/index.php\/category\/reunions\/\" rel=\"category tag\">REUNIONS VITA-GV<\/a><span class=\"fusion-inline-sep\">|<\/span><\/p><div class=\"fusion-content-sep sep-double sep-solid\"><\/div><div class=\"fusion-post-content-container\"><p> Malgr\u00e9 un emploi du temps tr\u00e8s charg\u00e9 ce jour-l\u00e0 [...]<\/p><\/div><\/div><\/div><div class=\"fusion-clearfix\"><\/div><\/div>\n<\/article>\n<article id=\"blog-1-post-4112\" class=\"fusion-post-grid post-4112 post type-post status-publish format-standard has-post-thumbnail hentry category-reunions\">\n<div class=\"fusion-post-wrapper\" style=\"background-color:rgba(255,255,255,0);border:1px solid #ebeaea;border-bottom-width:3px;\">\n\n\t\t\t<div class=\"fusion-flexslider flexslider fusion-flexslider-loading fusion-post-slideshow\" style=\"border-color:#ebeaea;\">\n\t\t<ul class=\"slides\">\n\t\t\t\n\t\t\t\t\t\t\t\t\t\t\t\t\t\t<li><div  class=\"fusion-image-wrapper\" aria-haspopup=\"true\">\n\t\t\t\t\t\t\t<a href=\"https:\/\/vita-gv.fr\/index.php\/2019\/09\/28\/reunion-de-rentree-saison-2019-2020\/\" aria-label=\"R\u00c9UNION DE RENTR\u00c9E SAISON 2019-2020\">\n\t\t\t\t\t\t\t<img decoding=\"async\" width=\"628\" height=\"420\" src=\"https:\/\/vita-gv.fr\/wp-content\/uploads\/2019\/09\/2019-27-septembre-R\u00e9union-de-rentr\u00e9e-P1300438.jpg\" class=\"attachment-full size-full wp-post-image\" alt=\"\" srcset=\"https:\/\/vita-gv.fr\/wp-content\/uploads\/2019\/09\/2019-27-septembre-R\u00e9union-de-rentr\u00e9e-P1300438-200x134.jpg 200w, https:\/\/vita-gv.fr\/wp-content\/uploads\/2019\/09\/2019-27-septembre-R\u00e9union-de-rentr\u00e9e-P1300438-400x268.jpg 400w, https:\/\/vita-gv.fr\/wp-content\/uploads\/2019\/09\/2019-27-septembre-R\u00e9union-de-rentr\u00e9e-P1300438-600x401.jpg 600w, https:\/\/vita-gv.fr\/wp-content\/uploads\/2019\/09\/2019-27-septembre-R\u00e9union-de-rentr\u00e9e-P1300438.jpg 628w\" sizes=\"(min-width: 2200px) 100vw, (min-width: 784px) 340px, (min-width: 712px) 510px, (min-width: 640px) 712px, \" \/>\t\t\t<\/a>\n\t\t\t\t\t\t\t<\/div>\n<\/li>\n\t\t\t\n\t\t\t\n\t\t\t\t\t\t\t\t\t\t\t\t\t\t\t\t\t\t\t\t\t\t\t\t\t\t\t\t\t\t\t\t\t\t\t\t\t\t\t\t\t\t\t\t\t\t\t\t\t\t\t\t\t\t\t\t\t\t\t\t\t\t\t\t\t\t\t\t<\/ul>\n\t<\/div>\n\t<div class=\"fusion-post-content-wrapper\" style=\"padding:30px 25px 20px 25px;\"><div class=\"fusion-post-content post-content\"><h2 class=\"blog-shortcode-post-title entry-title\"><a href=\"https:\/\/vita-gv.fr\/index.php\/2019\/09\/28\/reunion-de-rentree-saison-2019-2020\/\">R\u00c9UNION DE RENTR\u00c9E SAISON 2019-2020<\/a><\/h2><p class=\"fusion-single-line-meta\"><span class=\"vcard\" style=\"display: none;\"><span class=\"fn\"><a href=\"https:\/\/vita-gv.fr\/index.php\/author\/admin5947\/\" title=\"Articles par admin5947\" rel=\"author\">admin5947<\/a><\/span><\/span><span class=\"updated\" style=\"display:none;\">2025-05-02T11:26:13+02:00<\/span><span>septembre 28th, 2019<\/span><span class=\"fusion-inline-sep\">|<\/span><a href=\"https:\/\/vita-gv.fr\/index.php\/category\/reunions\/\" rel=\"category tag\">REUNIONS VITA-GV<\/a><span class=\"fusion-inline-sep\">|<\/span><\/p><div class=\"fusion-content-sep sep-double sep-solid\"><\/div><div class=\"fusion-post-content-container\"><p> La r\u00e9union de rentr\u00e9e des Responsables de cours s'est [...]<\/p><\/div><\/div><\/div><div class=\"fusion-clearfix\"><\/div><\/div>\n<\/article>\n<article id=\"blog-1-post-4042\" class=\"fusion-post-grid post-4042 post type-post status-publish format-standard has-post-thumbnail hentry category-rdv\">\n<div class=\"fusion-post-wrapper\" style=\"background-color:rgba(255,255,255,0);border:1px solid #ebeaea;border-bottom-width:3px;\">\n\n\t\t\t<div class=\"fusion-flexslider flexslider fusion-flexslider-loading fusion-post-slideshow\" style=\"border-color:#ebeaea;\">\n\t\t<ul class=\"slides\">\n\t\t\t\n\t\t\t\t\t\t\t\t\t\t\t\t\t\t<li><div  class=\"fusion-image-wrapper\" aria-haspopup=\"true\">\n\t\t\t\t\t\t\t<a href=\"https:\/\/vita-gv.fr\/index.php\/2019\/09\/16\/randonnee-du-16-juin-2019\/\" aria-label=\"Randonn\u00e9e du 16 juin 2019\">\n\t\t\t\t\t\t\t<img decoding=\"async\" width=\"432\" height=\"324\" src=\"https:\/\/vita-gv.fr\/wp-content\/uploads\/2019\/09\/Le-groupe-devant-les-villas-Quai-de-la-Ruelle-\u00e0-Bois-le-Roi-P1210598-e1568551684538.jpg\" class=\"attachment-full size-full wp-post-image\" alt=\"\" \/>\t\t\t<\/a>\n\t\t\t\t\t\t\t<\/div>\n<\/li>\n\t\t\t\n\t\t\t\n\t\t\t\t\t\t\t\t\t\t\t\t\t\t\t\t\t\t\t\t\t\t\t\t\t\t\t\t\t\t\t\t\t\t\t\t\t\t\t\t\t\t\t\t\t\t\t\t\t\t\t\t\t\t\t\t\t\t\t\t\t\t\t\t\t\t\t\t<\/ul>\n\t<\/div>\n\t<div class=\"fusion-post-content-wrapper\" style=\"padding:30px 25px 20px 25px;\"><div class=\"fusion-post-content post-content\"><h2 class=\"blog-shortcode-post-title entry-title\"><a href=\"https:\/\/vita-gv.fr\/index.php\/2019\/09\/16\/randonnee-du-16-juin-2019\/\">Randonn\u00e9e du 16 juin 2019<\/a><\/h2><p class=\"fusion-single-line-meta\"><span class=\"vcard\" style=\"display: none;\"><span class=\"fn\"><a href=\"https:\/\/vita-gv.fr\/index.php\/author\/admin5947\/\" title=\"Articles par admin5947\" rel=\"author\">admin5947<\/a><\/span><\/span><span class=\"updated\" style=\"display:none;\">2025-05-02T11:26:13+02:00<\/span><span>septembre 16th, 2019<\/span><span class=\"fusion-inline-sep\">|<\/span><a href=\"https:\/\/vita-gv.fr\/index.php\/category\/rdv\/\" rel=\"category tag\">RDV SPORTIFS &amp; CULTURELS<\/a><span class=\"fusion-inline-sep\">|<\/span><\/p><div class=\"fusion-content-sep sep-double sep-solid\"><\/div><div class=\"fusion-post-content-container\"><p>Randonn\u00e9e du 16 juin 2019 en for\u00eat de Fontainebleau (par [...]<\/p><\/div><\/div><\/div><div class=\"fusion-clearfix\"><\/div><\/div>\n<\/article>\n<div class=\"fusion-clearfix\"><\/div><\/div><div class=\"pagination clearfix\"><span class=\"current\">1<\/span><a href=\"https:\/\/vita-gv.fr\/index.php\/wp-json\/wp\/v2\/pages\/32\/page\/2\/\" class=\"inactive\">2<\/a><a class=\"pagination-next\" rel=\"next\" href=\"https:\/\/vita-gv.fr\/index.php\/wp-json\/wp\/v2\/pages\/32\/page\/2\/\"><span class=\"page-text\">Suivant<\/span><span class=\"page-next\"><\/span><\/a><\/div><div class=\"fusion-clearfix\"><\/div><\/div><\/div><\/div><\/div><\/div>\n","protected":false},"excerpt":{"rendered":"","protected":false},"author":1,"featured_media":0,"parent":0,"menu_order":0,"comment_status":"open","ping_status":"closed","template":"side-navigation.php","meta":{"footnotes":""},"class_list":["post-32","page","type-page","status-publish","hentry"],"yoast_head":"<!-- This site is optimized with the Yoast SEO plugin v26.9 - https:\/\/yoast.com\/product\/yoast-seo-wordpress\/ -->\n<title>ACTUALITES SPORTIVES - VITA-GV<\/title>\n<meta name=\"description\" content=\"VITA-GV vous raconte ses actualit\u00e9s sportives : randonn\u00e9es, marche, AG, rentr\u00e9e...\" \/>\n<meta name=\"robots\" content=\"index, follow, max-snippet:-1, max-image-preview:large, max-video-preview:-1\" \/>\n<link rel=\"canonical\" href=\"https:\/\/vita-gv.fr\/index.php\/actualites-sportives\/\" \/>\n<meta property=\"og:locale\" content=\"fr_FR\" \/>\n<meta property=\"og:type\" content=\"article\" \/>\n<meta property=\"og:title\" content=\"ACTUALITES SPORTIVES - VITA-GV\" \/>\n<meta property=\"og:description\" content=\"VITA-GV vous raconte ses actualit\u00e9s sportives : randonn\u00e9es, marche, AG, rentr\u00e9e...\" \/>\n<meta property=\"og:url\" content=\"https:\/\/vita-gv.fr\/index.php\/actualites-sportives\/\" \/>\n<meta property=\"og:site_name\" content=\"VITA-GV\" \/>\n<meta property=\"article:modified_time\" content=\"2025-05-02T07:48:07+00:00\" \/>\n<meta name=\"twitter:card\" content=\"summary_large_image\" \/>\n<meta name=\"twitter:label1\" content=\"Dur\u00e9e de lecture estim\u00e9e\" \/>\n\t<meta name=\"twitter:data1\" content=\"1 minute\" \/>\n<script type=\"application\/ld+json\" class=\"yoast-schema-graph\">{\"@context\":\"https:\/\/schema.org\",\"@graph\":[{\"@type\":\"WebPage\",\"@id\":\"https:\/\/vita-gv.fr\/index.php\/actualites-sportives\/\",\"url\":\"https:\/\/vita-gv.fr\/index.php\/actualites-sportives\/\",\"name\":\"ACTUALITES SPORTIVES - VITA-GV\",\"isPartOf\":{\"@id\":\"https:\/\/vita-gv.fr\/#website\"},\"datePublished\":\"2014-02-13T15:49:28+00:00\",\"dateModified\":\"2025-05-02T07:48:07+00:00\",\"description\":\"VITA-GV vous raconte ses actualit\u00e9s sportives : randonn\u00e9es, marche, AG, rentr\u00e9e...\",\"breadcrumb\":{\"@id\":\"https:\/\/vita-gv.fr\/index.php\/actualites-sportives\/#breadcrumb\"},\"inLanguage\":\"fr-FR\",\"potentialAction\":[{\"@type\":\"ReadAction\",\"target\":[\"https:\/\/vita-gv.fr\/index.php\/actualites-sportives\/\"]}]},{\"@type\":\"BreadcrumbList\",\"@id\":\"https:\/\/vita-gv.fr\/index.php\/actualites-sportives\/#breadcrumb\",\"itemListElement\":[{\"@type\":\"ListItem\",\"position\":1,\"name\":\"Accueil\",\"item\":\"https:\/\/vita-gv.fr\/\"},{\"@type\":\"ListItem\",\"position\":2,\"name\":\"ACTUALITES SPORTIVES\"}]},{\"@type\":\"WebSite\",\"@id\":\"https:\/\/vita-gv.fr\/#website\",\"url\":\"https:\/\/vita-gv.fr\/\",\"name\":\"VITA-GV\",\"description\":\"Gymnastique volontaire de Vincennes\",\"publisher\":{\"@id\":\"https:\/\/vita-gv.fr\/#organization\"},\"potentialAction\":[{\"@type\":\"SearchAction\",\"target\":{\"@type\":\"EntryPoint\",\"urlTemplate\":\"https:\/\/vita-gv.fr\/?s={search_term_string}\"},\"query-input\":{\"@type\":\"PropertyValueSpecification\",\"valueRequired\":true,\"valueName\":\"search_term_string\"}}],\"inLanguage\":\"fr-FR\"},{\"@type\":\"Organization\",\"@id\":\"https:\/\/vita-gv.fr\/#organization\",\"name\":\"VITA-GV\",\"url\":\"https:\/\/vita-gv.fr\/\",\"logo\":{\"@type\":\"ImageObject\",\"inLanguage\":\"fr-FR\",\"@id\":\"https:\/\/vita-gv.fr\/#\/schema\/logo\/image\/\",\"url\":\"https:\/\/vita-gv.fr\/wp-content\/uploads\/2018\/04\/logo-QCLSS-17-21-A094002-COULEUR.jpeg\",\"contentUrl\":\"https:\/\/vita-gv.fr\/wp-content\/uploads\/2018\/04\/logo-QCLSS-17-21-A094002-COULEUR.jpeg\",\"width\":476,\"height\":693,\"caption\":\"VITA-GV\"},\"image\":{\"@id\":\"https:\/\/vita-gv.fr\/#\/schema\/logo\/image\/\"}}]}<\/script>\n<!-- \/ Yoast SEO plugin. -->","yoast_head_json":{"title":"ACTUALITES SPORTIVES - VITA-GV","description":"VITA-GV vous raconte ses actualit\u00e9s sportives : randonn\u00e9es, marche, AG, rentr\u00e9e...","robots":{"index":"index","follow":"follow","max-snippet":"max-snippet:-1","max-image-preview":"max-image-preview:large","max-video-preview":"max-video-preview:-1"},"canonical":"https:\/\/vita-gv.fr\/index.php\/actualites-sportives\/","og_locale":"fr_FR","og_type":"article","og_title":"ACTUALITES SPORTIVES - VITA-GV","og_description":"VITA-GV vous raconte ses actualit\u00e9s sportives : randonn\u00e9es, marche, AG, rentr\u00e9e...","og_url":"https:\/\/vita-gv.fr\/index.php\/actualites-sportives\/","og_site_name":"VITA-GV","article_modified_time":"2025-05-02T07:48:07+00:00","twitter_card":"summary_large_image","twitter_misc":{"Dur\u00e9e de lecture estim\u00e9e":"1 minute"},"schema":{"@context":"https:\/\/schema.org","@graph":[{"@type":"WebPage","@id":"https:\/\/vita-gv.fr\/index.php\/actualites-sportives\/","url":"https:\/\/vita-gv.fr\/index.php\/actualites-sportives\/","name":"ACTUALITES SPORTIVES - VITA-GV","isPartOf":{"@id":"https:\/\/vita-gv.fr\/#website"},"datePublished":"2014-02-13T15:49:28+00:00","dateModified":"2025-05-02T07:48:07+00:00","description":"VITA-GV vous raconte ses actualit\u00e9s sportives : randonn\u00e9es, marche, AG, rentr\u00e9e...","breadcrumb":{"@id":"https:\/\/vita-gv.fr\/index.php\/actualites-sportives\/#breadcrumb"},"inLanguage":"fr-FR","potentialAction":[{"@type":"ReadAction","target":["https:\/\/vita-gv.fr\/index.php\/actualites-sportives\/"]}]},{"@type":"BreadcrumbList","@id":"https:\/\/vita-gv.fr\/index.php\/actualites-sportives\/#breadcrumb","itemListElement":[{"@type":"ListItem","position":1,"name":"Accueil","item":"https:\/\/vita-gv.fr\/"},{"@type":"ListItem","position":2,"name":"ACTUALITES SPORTIVES"}]},{"@type":"WebSite","@id":"https:\/\/vita-gv.fr\/#website","url":"https:\/\/vita-gv.fr\/","name":"VITA-GV","description":"Gymnastique volontaire de Vincennes","publisher":{"@id":"https:\/\/vita-gv.fr\/#organization"},"potentialAction":[{"@type":"SearchAction","target":{"@type":"EntryPoint","urlTemplate":"https:\/\/vita-gv.fr\/?s={search_term_string}"},"query-input":{"@type":"PropertyValueSpecification","valueRequired":true,"valueName":"search_term_string"}}],"inLanguage":"fr-FR"},{"@type":"Organization","@id":"https:\/\/vita-gv.fr\/#organization","name":"VITA-GV","url":"https:\/\/vita-gv.fr\/","logo":{"@type":"ImageObject","inLanguage":"fr-FR","@id":"https:\/\/vita-gv.fr\/#\/schema\/logo\/image\/","url":"https:\/\/vita-gv.fr\/wp-content\/uploads\/2018\/04\/logo-QCLSS-17-21-A094002-COULEUR.jpeg","contentUrl":"https:\/\/vita-gv.fr\/wp-content\/uploads\/2018\/04\/logo-QCLSS-17-21-A094002-COULEUR.jpeg","width":476,"height":693,"caption":"VITA-GV"},"image":{"@id":"https:\/\/vita-gv.fr\/#\/schema\/logo\/image\/"}}]}},"_links":{"self":[{"href":"https:\/\/vita-gv.fr\/index.php\/wp-json\/wp\/v2\/pages\/32","targetHints":{"allow":["GET"]}}],"collection":[{"href":"https:\/\/vita-gv.fr\/index.php\/wp-json\/wp\/v2\/pages"}],"about":[{"href":"https:\/\/vita-gv.fr\/index.php\/wp-json\/wp\/v2\/types\/page"}],"author":[{"embeddable":true,"href":"https:\/\/vita-gv.fr\/index.php\/wp-json\/wp\/v2\/users\/1"}],"replies":[{"embeddable":true,"href":"https:\/\/vita-gv.fr\/index.php\/wp-json\/wp\/v2\/comments?post=32"}],"version-history":[{"count":6,"href":"https:\/\/vita-gv.fr\/index.php\/wp-json\/wp\/v2\/pages\/32\/revisions"}],"predecessor-version":[{"id":3289,"href":"https:\/\/vita-gv.fr\/index.php\/wp-json\/wp\/v2\/pages\/32\/revisions\/3289"}],"wp:attachment":[{"href":"https:\/\/vita-gv.fr\/index.php\/wp-json\/wp\/v2\/media?parent=32"}],"curies":[{"name":"wp","href":"https:\/\/api.w.org\/{rel}","templated":true}]}}