{"id":2111,"date":"2015-12-31T16:41:58","date_gmt":"2015-12-31T15:41:58","guid":{"rendered":"http:\/\/vita-gv.fr\/?page_id=2111"},"modified":"2025-08-07T17:26:48","modified_gmt":"2025-08-07T15:26:48","slug":"animateurs-vita-gv-2","status":"publish","type":"page","link":"https:\/\/vita-gv.fr\/index.php\/animateurs-vita-gv-2\/","title":{"rendered":"ANIMATEURS VITA-GV"},"content":{"rendered":"<p><div class=\"fusion-fullwidth fullwidth-box fusion-builder-row-1 fusion-flex-container nonhundred-percent-fullwidth non-hundred-percent-height-scrolling\" style=\"--awb-border-radius-top-left:0px;--awb-border-radius-top-right:0px;--awb-border-radius-bottom-right:0px;--awb-border-radius-bottom-left:0px;--awb-padding-right:5%;--awb-padding-left:5%;--awb-flex-wrap:wrap;\" ><div class=\"fusion-builder-row fusion-row fusion-flex-align-items-stretch fusion-flex-content-wrap\" style=\"max-width:1144px;margin-left: calc(-4% \/ 2 );margin-right: calc(-4% \/ 2 );\"><div class=\"fusion-layout-column fusion_builder_column fusion-builder-column-0 fusion_builder_column_1_3 1_3 fusion-flex-column\" style=\"--awb-bg-size:cover;--awb-width-large:33.333333333333%;--awb-margin-top-large:0px;--awb-spacing-right-large:5.76%;--awb-margin-bottom-large:20px;--awb-spacing-left-large:5.76%;--awb-width-medium:33.333333333333%;--awb-spacing-right-medium:5.76%;--awb-spacing-left-medium:5.76%;--awb-width-small:100%;--awb-spacing-right-small:1.92%;--awb-spacing-left-small:1.92%;\"><div class=\"fusion-column-wrapper fusion-column-has-shadow fusion-flex-justify-content-flex-start fusion-content-layout-column\"><div class=\"fusion-image-element \" style=\"text-align:center;--awb-caption-title-font-family:var(--h2_typography-font-family);--awb-caption-title-font-weight:var(--h2_typography-font-weight);--awb-caption-title-font-style:var(--h2_typography-font-style);--awb-caption-title-size:var(--h2_typography-font-size);--awb-caption-title-transform:var(--h2_typography-text-transform);--awb-caption-title-line-height:var(--h2_typography-line-height);--awb-caption-title-letter-spacing:var(--h2_typography-letter-spacing);\"><span class=\" fusion-imageframe imageframe-none imageframe-1 hover-type-none\" style=\"border:3px solid #81d0f4;\"><img decoding=\"async\" width=\"200\" height=\"300\" alt=\"Didier De Carlo animateur VITA-GV\" title=\"Didier de Carlo\" src=\"http:\/\/vita-gv.fr\/wp-content\/uploads\/2018\/03\/Didier-de-Carlo-DSC05376.jpg\" class=\"img-responsive wp-image-3209\"\/><\/span><\/div><div class=\"fusion-separator fusion-full-width-sep\" style=\"align-self: center;margin-left: auto;margin-right: auto;margin-top:10px;width:100%;\"><div class=\"fusion-separator-border sep-double\" style=\"--awb-height:20px;--awb-amount:20px;border-color:#e0dede;border-top-width:0px;border-bottom-width:0px;\"><\/div><\/div><div class=\"fusion-text fusion-text-1\"><p style=\"text-align: center;\"><strong><span style=\"color: #00378b;\">Didier De Carlo<\/span><\/strong><br \/>\nGym musculaire et tonique<br \/>\nPilates<br \/>\nGym Oxyg\u00e8ne<\/p>\n<\/div><div style=\"text-align:center;\"><a class=\"fusion-button button-flat button-small button-default fusion-button-default button-1 fusion-button-default-span fusion-button-default-type\" target=\"_self\" href=\"#\" data-toggle=\"modal\" data-target=\".fusion-modal.didier\"><span class=\"fusion-button-text\">rencontrer Didier<\/span><\/a><\/div><div class=\"fusion-modal modal fade modal-1 didier\" tabindex=\"-1\" role=\"dialog\" aria-labelledby=\"modal-heading-1\" aria-hidden=\"true\" style=\"--awb-border-color:#ebebeb;--awb-background:#f6f6f6;\"><div class=\"modal-dialog modal-lg\" role=\"document\"><div class=\"modal-content fusion-modal-content\"><div class=\"modal-header\"><button class=\"close\" type=\"button\" data-dismiss=\"modal\" aria-hidden=\"true\" aria-label=\"Close\">&times;<\/button><h3 class=\"modal-title\" id=\"modal-heading-1\" data-dismiss=\"modal\" aria-hidden=\"true\"><\/h3><\/div><div class=\"modal-body fusion-clearfix\">\n<h2 style=\"text-align: center;\"><strong>DIDIER, VOTRE ANIMATEUR VITA-GV<\/strong><\/h2>\n<h4 style=\"text-align: center;\"><strong>Titulaire du BP JEPS (Brevet Professionnel de la Jeunesse, de l&rsquo;Education Populaire et du Sport)<\/strong><\/h4>\n<h2 style=\"text-align: center;\">vous accueille :<\/h2>\n<div class=\"awb-gallery-wrapper awb-gallery-wrapper-1 button-span-no\"><div style=\"margin:-5px;--awb-bordersize:0px;\" class=\"fusion-gallery fusion-gallery-container fusion-grid-1 fusion-columns-total-0 fusion-gallery-layout-grid fusion-gallery-1\"><\/div><\/div>\n<div class=\"fusion-separator fusion-has-icon fusion-full-width-sep\" style=\"align-self: center;margin-left: auto;margin-right: auto;margin-top:10px;margin-bottom:25px;width:100%;\"><div class=\"fusion-separator-border sep-single sep-solid\" style=\"--awb-height:20px;--awb-amount:20px;border-color:#e0dede;border-top-width:1px;\"><\/div><span class=\"icon-wrapper\" style=\"border-color:#e0dede;background-color:rgba(255,255,255,0);font-size:16px;width: 1.75em; height: 1.75em;border-width:1px;padding:1px;margin-top:-0.5px\"><i class=\" fa fa-arrow-circle-down\" style=\"font-size: inherit;color:var(--awb-color3);\" aria-hidden=\"true\"><\/i><\/span><div class=\"fusion-separator-border sep-single sep-solid\" style=\"--awb-height:20px;--awb-amount:20px;border-color:#e0dede;border-top-width:1px;\"><\/div><\/div><div class=\"fusion-title title fusion-title-1 fusion-sep-none fusion-title-center fusion-title-text fusion-title-size-two\"><h2 class=\"fusion-title-heading title-heading-center\" style=\"margin:0;\"><h2 style=\"text-align: center;\">A UN COURS DE GYMNASTIQUE\u00a0 MUSCULAIRE ET TONIQUE<\/h2><\/h2><\/div><div class=\"fusion-text fusion-text-2\"><h2 style=\"text-align: center;\">Au Gymnase de l&rsquo;\u00e9cole Simone-Veil<br \/>\nle mercredi de 17 h 15\u00a0 \u00e0\u00a0 18 h 15<\/h2>\n<p style=\"text-align: center;\">Pour un travail de renforcement musculaire et des activit\u00e9s cardio-respiratoires.<\/p>\n<\/div>\n<div class=\"fusion-separator fusion-has-icon fusion-full-width-sep\" style=\"align-self: center;margin-left: auto;margin-right: auto;margin-top:10px;margin-bottom:25px;width:100%;\"><div class=\"fusion-separator-border sep-single sep-solid\" style=\"--awb-height:20px;--awb-amount:20px;border-color:#e0dede;border-top-width:1px;\"><\/div><span class=\"icon-wrapper\" style=\"border-color:#e0dede;background-color:rgba(255,255,255,0);font-size:16px;width: 1.75em; height: 1.75em;border-width:1px;padding:1px;margin-top:-0.5px\"><i class=\" fa fa-arrow-circle-down\" style=\"font-size: inherit;color:var(--awb-color3);\" aria-hidden=\"true\"><\/i><\/span><div class=\"fusion-separator-border sep-single sep-solid\" style=\"--awb-height:20px;--awb-amount:20px;border-color:#e0dede;border-top-width:1px;\"><\/div><\/div><div class=\"fusion-title title fusion-title-2 fusion-sep-none fusion-title-center fusion-title-text fusion-title-size-two\"><h2 class=\"fusion-title-heading title-heading-center\" style=\"margin:0;\"><h2 style=\"text-align: center;\">A UN COURS DE\u00a0 PILATES<\/h2><\/h2><\/div>\n<div class=\"fusion-text fusion-text-3\"><h2 style=\"text-align: center;\">Au Gymnase de l&rsquo;\u00e9cole Simone-Veil<br \/>\nle mercredi de 18 h 15 \u00e0 19 h 15<\/h2>\n<p style=\"text-align: center;\">Pour assouplir et tonifier votre corps et ainsi r\u00e9\u00e9quilibrer votre posture.<br \/>\nL&rsquo;attention est port\u00e9e sur la prise de conscience des diff\u00e9rentes parties de son corps<br \/>\nafin d&rsquo;apprendre \u00e0 d\u00e9sinhiber les r\u00e9flexes des muscles tendus, car sur-sollicit\u00e9s,<br \/>\net d&rsquo;\u00e9veiller ceux d\u00e9laiss\u00e9s.<\/p>\n<\/div>\n<div class=\"fusion-separator fusion-has-icon fusion-full-width-sep\" style=\"align-self: center;margin-left: auto;margin-right: auto;margin-top:10px;margin-bottom:25px;width:100%;\"><div class=\"fusion-separator-border sep-single sep-solid\" style=\"--awb-height:20px;--awb-amount:20px;border-color:#e0dede;border-top-width:1px;\"><\/div><span class=\"icon-wrapper\" style=\"border-color:#e0dede;background-color:rgba(255,255,255,0);font-size:16px;width: 1.75em; height: 1.75em;border-width:1px;padding:1px;margin-top:-0.5px\"><i class=\" fa fa-arrow-circle-down\" style=\"font-size: inherit;color:var(--awb-color3);\" aria-hidden=\"true\"><\/i><\/span><div class=\"fusion-separator-border sep-single sep-solid\" style=\"--awb-height:20px;--awb-amount:20px;border-color:#e0dede;border-top-width:1px;\"><\/div><\/div><div class=\"fusion-title title fusion-title-3 fusion-sep-none fusion-title-center fusion-title-text fusion-title-size-two\"><h2 class=\"fusion-title-heading title-heading-center\" style=\"margin:0;\"><h2 style=\"text-align: center;\">A UN COURS DE GYM OXYG\u00c8NE (Gym d&rsquo;entretien)<\/h2><\/h2><\/div>\n<div class=\"fusion-text fusion-text-4\"><h2 style=\"text-align: center;\">Au Parc Floral (Esplanade du ch\u00e2teau)<br \/>\nle mardi de 11 h 15 \u00e0 12 h 15<\/h2>\n<p style=\"text-align: center;\">Pour b\u00e9n\u00e9ficier des bienfaits d\u2019une activit\u00e9 de plein air en utilisant le mobilier urbain.<br \/>\nCette activit\u00e9 permet de solliciter l\u2019attention \u00e0 l\u2019environnement.<\/p>\n<\/div>\n<\/div><\/div><\/div><\/div><\/div><\/div><div class=\"fusion-layout-column fusion_builder_column fusion-builder-column-1 fusion_builder_column_1_3 1_3 fusion-flex-column\" style=\"--awb-bg-blend:overlay;--awb-bg-size:cover;--awb-width-large:33.333333333333%;--awb-margin-top-large:0px;--awb-spacing-right-large:5.76%;--awb-margin-bottom-large:20px;--awb-spacing-left-large:5.76%;--awb-width-medium:33.333333333333%;--awb-spacing-right-medium:5.76%;--awb-spacing-left-medium:5.76%;--awb-width-small:100%;--awb-spacing-right-small:1.92%;--awb-spacing-left-small:1.92%;\"><div class=\"fusion-column-wrapper fusion-flex-justify-content-flex-start fusion-content-layout-column\"><div class=\"fusion-image-element \" style=\"text-align:center;--awb-caption-title-font-family:var(--h2_typography-font-family);--awb-caption-title-font-weight:var(--h2_typography-font-weight);--awb-caption-title-font-style:var(--h2_typography-font-style);--awb-caption-title-size:var(--h2_typography-font-size);--awb-caption-title-transform:var(--h2_typography-text-transform);--awb-caption-title-line-height:var(--h2_typography-line-height);--awb-caption-title-letter-spacing:var(--h2_typography-letter-spacing);\"><span class=\" fusion-imageframe imageframe-none imageframe-2 hover-type-none\" style=\"border:3px solid #c6c6c6;\"><img decoding=\"async\" width=\"200\" height=\"300\" alt=\"Erika Linas animateur VITA-GV\" title=\"Erika Linas\" src=\"http:\/\/vita-gv.fr\/wp-content\/uploads\/2018\/03\/Erika-Linas.jpg\" class=\"img-responsive wp-image-3208\"\/><\/span><\/div><div class=\"fusion-separator fusion-full-width-sep\" style=\"align-self: center;margin-left: auto;margin-right: auto;margin-top:10px;width:100%;\"><div class=\"fusion-separator-border sep-double\" style=\"--awb-height:20px;--awb-amount:20px;border-color:#e0dede;border-top-width:0px;border-bottom-width:0px;\"><\/div><\/div><div class=\"fusion-text fusion-text-5\"><p style=\"text-align: center;\"><span style=\"color: #00378b;\"><strong>Erika Linas<\/strong><\/span><br \/>\n<span class=\"glossaryLink \" data-cmtooltip=\"Renforcement des muscles profonds, travail sur la tonicit\u00e9, la souplesse et l\u2019\u00e9quilibre \u00e0 travers des postures, des mouvements vari\u00e9s et des \u00e9tirements.\">Gym d\u2019entretien, \u00e9quilibre et souplesse<\/span><br \/>\nGym musculaire et tonique,<br \/>\nEtirements<\/p>\n<\/div><div style=\"text-align:center;\"><a class=\"fusion-button button-flat button-small button-default fusion-button-default button-2 fusion-button-default-span fusion-button-default-type\" target=\"_self\" href=\"#\" data-toggle=\"modal\" data-target=\".fusion-modal.erika\"><span class=\"fusion-button-text\">rencontrer Erika<\/span><\/a><\/div><div class=\"fusion-modal modal fade modal-2 erika\" tabindex=\"-1\" role=\"dialog\" aria-labelledby=\"modal-heading-2\" aria-hidden=\"true\" style=\"--awb-border-color:#ebebeb;--awb-background:#f6f6f6;\"><div class=\"modal-dialog modal-lg\" role=\"document\"><div class=\"modal-content fusion-modal-content\"><div class=\"modal-header\"><button class=\"close\" type=\"button\" data-dismiss=\"modal\" aria-hidden=\"true\" aria-label=\"Close\">&times;<\/button><h3 class=\"modal-title\" id=\"modal-heading-2\" data-dismiss=\"modal\" aria-hidden=\"true\"><\/h3><\/div><div class=\"modal-body fusion-clearfix\">\n<h2 style=\"text-align: center;\"><strong>ERIKA, VOTRE ANIMATRICE VITA-GV<\/strong><\/h2>\n<h4 style=\"text-align: center;\"><strong>Dipl\u00f4m\u00e9e EPGV (\u00c9ducation Physique et Gymnastique Volontaire)<\/strong><\/h4>\n<h2 style=\"text-align: center;\">vous accueille :<\/h2>\n<p style=\"text-align: center;\"><div class=\"awb-gallery-wrapper awb-gallery-wrapper-2 button-span-no\"><div style=\"margin:-5px;--awb-bordersize:0px;\" class=\"fusion-gallery fusion-gallery-container fusion-grid-5 fusion-columns-total-0 fusion-gallery-layout-grid fusion-gallery-2\"><\/div><\/div>\n<p style=\"text-align: center;\"><div class=\"fusion-separator fusion-has-icon fusion-full-width-sep\" style=\"align-self: center;margin-left: auto;margin-right: auto;margin-top:10px;margin-bottom:25px;width:100%;\"><div class=\"fusion-separator-border sep-single sep-solid\" style=\"--awb-height:20px;--awb-amount:20px;border-color:#e0dede;border-top-width:1px;\"><\/div><span class=\"icon-wrapper\" style=\"border-color:#e0dede;background-color:rgba(255,255,255,0);font-size:16px;width: 1.75em; height: 1.75em;border-width:1px;padding:1px;margin-top:-0.5px\"><i class=\" fa fa-arrow-circle-down\" style=\"font-size: inherit;color:var(--awb-color3);\" aria-hidden=\"true\"><\/i><\/span><div class=\"fusion-separator-border sep-single sep-solid\" style=\"--awb-height:20px;--awb-amount:20px;border-color:#e0dede;border-top-width:1px;\"><\/div><\/div>\n<div class=\"fusion-title title fusion-title-4 fusion-sep-none fusion-title-center fusion-title-text fusion-title-size-two\"><h2 class=\"fusion-title-heading title-heading-center\" style=\"margin:0;\"><h2 style=\"text-align: center;\">\u00c0 UN COURS DE GYM D\u2019ENTRETIEN, EQUILIBRE ET SOUPLESSE<\/h2>\n<p style=\"text-align: center;\"><\/h2><\/div><div class=\"fusion-text fusion-text-6\"><h2 style=\"text-align: center;\">Au Gymnase Georges Serre<br \/>\nle lundi de 18 h 30 \u00e0 19 h 30<\/h2>\n<p style=\"text-align: center;\">Renforcement des<br \/>\nmuscles profonds, travail sur la tonicit\u00e9, la souplesse et l\u2019\u00e9quilibre \u00e0 travers des<br \/>\npostures, des mouvements vari\u00e9s et des \u00e9tirements.<\/p>\n<p style=\"text-align: center;\">\n<\/div>\n<p style=\"text-align: center;\"><div class=\"fusion-separator fusion-has-icon fusion-full-width-sep\" style=\"align-self: center;margin-left: auto;margin-right: auto;margin-top:10px;margin-bottom:25px;width:100%;\"><div class=\"fusion-separator-border sep-single sep-solid\" style=\"--awb-height:20px;--awb-amount:20px;border-color:#e0dede;border-top-width:1px;\"><\/div><span class=\"icon-wrapper\" style=\"border-color:#e0dede;background-color:rgba(255,255,255,0);font-size:16px;width: 1.75em; height: 1.75em;border-width:1px;padding:1px;margin-top:-0.5px\"><i class=\" fa fa-arrow-circle-down\" style=\"font-size: inherit;color:var(--awb-color3);\" aria-hidden=\"true\"><\/i><\/span><div class=\"fusion-separator-border sep-single sep-solid\" style=\"--awb-height:20px;--awb-amount:20px;border-color:#e0dede;border-top-width:1px;\"><\/div><\/div><div class=\"fusion-title title fusion-title-5 fusion-sep-none fusion-title-center fusion-title-text fusion-title-size-two\"><h2 class=\"fusion-title-heading title-heading-center\" style=\"margin:0;\"><h2 style=\"text-align: center;\">\u00c0 UN COURS DE GYMNASTIQUE<br \/>\nMUSCULAIRE ET TONIQUE<\/h2>\n<p style=\"text-align: center;\"><\/h2><\/div><div class=\"fusion-text fusion-text-7\"><h2 style=\"text-align: center;\">Au Gymnase Georges Serre<br \/>\nle lundi de 19 h 30 \u00e0 20 h30<\/h2>\n<p style=\"text-align: center;\">Pour un travail de renforcement musculaire et des activit\u00e9s cardio-respiratoires.<\/p>\n<p style=\"text-align: center;\">\n<\/div>\n<p style=\"text-align: center;\"><div class=\"fusion-separator fusion-has-icon fusion-full-width-sep\" style=\"align-self: center;margin-left: auto;margin-right: auto;margin-top:10px;margin-bottom:25px;width:100%;\"><div class=\"fusion-separator-border sep-single sep-solid\" style=\"--awb-height:20px;--awb-amount:20px;border-color:#e0dede;border-top-width:1px;\"><\/div><span class=\"icon-wrapper\" style=\"border-color:#e0dede;background-color:rgba(255,255,255,0);font-size:16px;width: 1.75em; height: 1.75em;border-width:1px;padding:1px;margin-top:-0.5px\"><i class=\" fa fa-arrow-circle-down\" style=\"font-size: inherit;color:var(--awb-color3);\" aria-hidden=\"true\"><\/i><\/span><div class=\"fusion-separator-border sep-single sep-solid\" style=\"--awb-height:20px;--awb-amount:20px;border-color:#e0dede;border-top-width:1px;\"><\/div><\/div><div class=\"fusion-title title fusion-title-6 fusion-sep-none fusion-title-center fusion-title-text fusion-title-size-two\"><h2 class=\"fusion-title-heading title-heading-center\" style=\"margin:0;\"><h2 style=\"text-align: center;\">\u00c0 UN COURS D\u2019\u00c9TIREMENTS<\/h2>\n<p style=\"text-align: center;\"><\/h2><\/div><div class=\"fusion-text fusion-text-8\"><h2 style=\"text-align: center;\">Au Gymnase du Parc du Ch\u00e2teau<br \/>\nLe mercredi de 18 h 15 \u00e0 19 h 15 et de 19 h 15 \u00e0 20 h 15<\/h2>\n<p style=\"text-align: center;\">Pour d\u00e9velopper la souplesse corporelle, \u00e9tirer la musculature<br \/>\net atteindre, par une pratique constante, une bonne mobilit\u00e9 articulaire.<\/p>\n<p style=\"text-align: center;\">\n<\/div>\n<\/div><\/div><\/div><\/div><\/div><\/div><\/div><\/div><div class=\"fusion-fullwidth fullwidth-box fusion-builder-row-2 fusion-flex-container nonhundred-percent-fullwidth non-hundred-percent-height-scrolling\" style=\"--awb-border-radius-top-left:0px;--awb-border-radius-top-right:0px;--awb-border-radius-bottom-right:0px;--awb-border-radius-bottom-left:0px;--awb-padding-right:5%;--awb-padding-left:5%;--awb-flex-wrap:wrap;\" ><div class=\"fusion-builder-row fusion-row fusion-flex-align-items-flex-start fusion-flex-content-wrap\" style=\"max-width:1144px;margin-left: calc(-4% \/ 2 );margin-right: calc(-4% \/ 2 );\"><div class=\"fusion-layout-column fusion_builder_column fusion-builder-column-2 fusion_builder_column_1_3 1_3 fusion-flex-column\" style=\"--awb-bg-blend:overlay;--awb-bg-size:cover;--awb-width-large:33.333333333333%;--awb-margin-top-large:0px;--awb-spacing-right-large:5.76%;--awb-margin-bottom-large:20px;--awb-spacing-left-large:5.76%;--awb-width-medium:33.333333333333%;--awb-spacing-right-medium:5.76%;--awb-spacing-left-medium:5.76%;--awb-width-small:100%;--awb-spacing-right-small:1.92%;--awb-spacing-left-small:1.92%;\"><div class=\"fusion-column-wrapper fusion-flex-justify-content-flex-start fusion-content-layout-column\"><div class=\"fusion-image-element \" style=\"text-align:center;--awb-caption-title-font-family:var(--h2_typography-font-family);--awb-caption-title-font-weight:var(--h2_typography-font-weight);--awb-caption-title-font-style:var(--h2_typography-font-style);--awb-caption-title-size:var(--h2_typography-font-size);--awb-caption-title-transform:var(--h2_typography-text-transform);--awb-caption-title-line-height:var(--h2_typography-line-height);--awb-caption-title-letter-spacing:var(--h2_typography-letter-spacing);\"><span class=\" fusion-imageframe imageframe-none imageframe-3 hover-type-none\" style=\"border:3px solid rgba(255,168,38,0.77);\"><img decoding=\"async\" width=\"181\" height=\"237\" alt=\"Stephanie Montreuil animateur VITA-GV\" title=\"Photo St\u00e9phanie\" src=\"https:\/\/vita-gv.fr\/wp-content\/uploads\/2022\/11\/Photo-St\u00e9phanie-e1696353728854.jpg\" class=\"img-responsive wp-image-4356\"\/><\/span><\/div><div class=\"fusion-separator fusion-full-width-sep\" style=\"align-self: center;margin-left: auto;margin-right: auto;width:100%;\"><\/div><div class=\"fusion-text fusion-text-9\"><p style=\"text-align: center;\"><strong><span style=\"color: #00378b;\">St\u00e9phanie Montreuil<br \/>\n<\/span><\/strong>Gym musculaire et tonique<br \/>\nMarche nordique<br \/>\nMarche nordique et renforcement musculaire<\/p>\n<\/div><div style=\"text-align:center;\"><a class=\"fusion-button button-flat fusion-button-default-size button-default fusion-button-default button-3 fusion-button-default-span fusion-button-default-type\" target=\"_self\" href=\"#\" data-toggle=\"modal\" data-target=\".fusion-modal.stephanie\"><span class=\"fusion-button-text\">Rencontrer St\u00e9phanie<\/span><\/a><\/div><div class=\"fusion-modal modal fade modal-3 stephanie\" tabindex=\"-1\" role=\"dialog\" aria-labelledby=\"modal-heading-3\" aria-hidden=\"true\" style=\"--awb-border-color:#ebebeb;--awb-background:#f6f6f6;\"><div class=\"modal-dialog modal-lg\" role=\"document\"><div class=\"modal-content fusion-modal-content\"><div class=\"modal-header\"><button class=\"close\" type=\"button\" data-dismiss=\"modal\" aria-hidden=\"true\" aria-label=\"Close\">&times;<\/button><h3 class=\"modal-title\" id=\"modal-heading-3\" data-dismiss=\"modal\" aria-hidden=\"true\"><\/h3><\/div><div class=\"modal-body fusion-clearfix\">\n<h2 style=\"text-align: center;\"><strong>STEPHANIE, VOTRE ANIMATRICE VITA-GV<\/strong><\/h2>\n<h4 style=\"text-align: center;\"><strong>Titulaire du BP JEPS (Brevet Professionnel de la Jeunesse, de l&rsquo;Education Populaire et du Sport)<\/strong><\/h4>\n<h2 style=\"text-align: center;\">vous accueille :<\/h2>\n<p style=\"texte-align: center;\"><div class=\"fusion-separator fusion-has-icon fusion-full-width-sep\" style=\"align-self: center;margin-left: auto;margin-right: auto;margin-top:10px;margin-bottom:25px;width:100%;\"><div class=\"fusion-separator-border sep-single sep-solid\" style=\"--awb-height:20px;--awb-amount:20px;border-color:#e0dede;border-top-width:1px;\"><\/div><span class=\"icon-wrapper\" style=\"border-color:#e0dede;background-color:rgba(255,255,255,0);font-size:16px;width: 1.75em; height: 1.75em;border-width:1px;padding:1px;margin-top:-0.5px\"><i class=\" fa fa-arrow-circle-down\" style=\"font-size: inherit;color:var(--awb-color3);\" aria-hidden=\"true\"><\/i><\/span><div class=\"fusion-separator-border sep-single sep-solid\" style=\"--awb-height:20px;--awb-amount:20px;border-color:#e0dede;border-top-width:1px;\"><\/div><\/div>\n<div class=\"fusion-title title fusion-title-7 fusion-sep-none fusion-title-center fusion-title-text fusion-title-size-two\"><h2 class=\"fusion-title-heading title-heading-center\" style=\"margin:0;\"><h2 style=\"text-align: center;\">A UN COURS DE MARCHE NORDIQUE ET RENFORCEMENT MUSCULAIRE<\/h2><\/h2><\/div><div class=\"fusion-text fusion-text-10\"><\/div>\n<h2 style=\"text-align: center;\">Au Lac des Minimes<\/h2>\n<h2 style=\"text-align: center;\">le jeudi de 9 h 15\u00a0 \u00e0\u00a0 10 h 15<\/h2>\n<p style=\"text-align: center;\">Pour un circuit de marche rapide avec des b\u00e2tons avec des arr\u00eats pour pratiquer du renforcement musculaire<\/p>\n<p style=\"texte-align: center;\"><div class=\"fusion-separator fusion-has-icon fusion-full-width-sep\" style=\"align-self: center;margin-left: auto;margin-right: auto;margin-top:10px;margin-bottom:25px;width:100%;\"><div class=\"fusion-separator-border sep-single sep-solid\" style=\"--awb-height:20px;--awb-amount:20px;border-color:#e0dede;border-top-width:1px;\"><\/div><span class=\"icon-wrapper\" style=\"border-color:#e0dede;background-color:rgba(255,255,255,0);font-size:16px;width: 1.75em; height: 1.75em;border-width:1px;padding:1px;margin-top:-0.5px\"><i class=\" fa fa-arrow-circle-down\" style=\"font-size: inherit;color:var(--awb-color3);\" aria-hidden=\"true\"><\/i><\/span><div class=\"fusion-separator-border sep-single sep-solid\" style=\"--awb-height:20px;--awb-amount:20px;border-color:#e0dede;border-top-width:1px;\"><\/div><\/div>\n<div class=\"fusion-title title fusion-title-8 fusion-sep-none fusion-title-center fusion-title-text fusion-title-size-two\"><h2 class=\"fusion-title-heading title-heading-center\" style=\"margin:0;\"><h2 style=\"text-align: center;\">A UN COURS DE MARCHE NORDIQUE<\/h2><\/h2><\/div><div class=\"fusion-text fusion-text-11\"><\/div>\n<h2 style=\"text-align: center;\">Au Lac des Minimes<\/h2>\n<h2 style=\"text-align: center;\">le jeudi de 10 h 15 \u00e0 11 h 30<\/h2>\n<p style=\"text-align: center;\">Pour b\u00e9n\u00e9ficier des bienfaits d\u2019une activit\u00e9 de plein air,<br \/>\nfaire travailler et am\u00e9liorer vos capacit\u00e9s cardiaques<br \/>\net donner du bien-\u00eatre au moral.<\/p>\n<p style=\"texte-align: center;\"><div class=\"fusion-separator fusion-has-icon fusion-full-width-sep\" style=\"align-self: center;margin-left: auto;margin-right: auto;margin-top:10px;margin-bottom:25px;width:100%;\"><div class=\"fusion-separator-border sep-single sep-solid\" style=\"--awb-height:20px;--awb-amount:20px;border-color:#e0dede;border-top-width:1px;\"><\/div><span class=\"icon-wrapper\" style=\"border-color:#e0dede;background-color:rgba(255,255,255,0);font-size:16px;width: 1.75em; height: 1.75em;border-width:1px;padding:1px;margin-top:-0.5px\"><i class=\" fa fa-arrow-circle-down\" style=\"font-size: inherit;color:var(--awb-color3);\" aria-hidden=\"true\"><\/i><\/span><div class=\"fusion-separator-border sep-single sep-solid\" style=\"--awb-height:20px;--awb-amount:20px;border-color:#e0dede;border-top-width:1px;\"><\/div><\/div>\n<div class=\"fusion-title title fusion-title-9 fusion-sep-none fusion-title-center fusion-title-text fusion-title-size-two\"><h2 class=\"fusion-title-heading title-heading-center\" style=\"margin:0;\"><h2 style=\"text-align: center;\">A SES COURS DE GYMNASTIQUE\u00a0 MUSCULAIRE ET TONIQUE<\/h2><\/h2><\/div><div class=\"fusion-text fusion-text-12\"><\/div>\n<h2 style=\"text-align: center;\">Au Gymnase\u00a0 Paul de Benedetti<\/h2>\n<h2 style=\"text-align: center;\">le jeudi de 18h15 \u00e0 19h15 et de 19h15 \u00e0 20h15<\/h2>\n<p style=\"text-align: center;\"><span style=\"font-weight: 400;\">Pour un travail de renforcement musculaire et des activit\u00e9s cardio-respiratoires.<\/span><\/p>\n<\/div><\/div><\/div><\/div><\/div><\/div><div class=\"fusion-layout-column fusion_builder_column fusion-builder-column-3 fusion_builder_column_1_3 1_3 fusion-flex-column\" style=\"--awb-bg-blend:overlay;--awb-bg-size:cover;--awb-width-large:33.333333333333%;--awb-margin-top-large:0px;--awb-spacing-right-large:5.76%;--awb-margin-bottom-large:20px;--awb-spacing-left-large:5.76%;--awb-width-medium:33.333333333333%;--awb-spacing-right-medium:5.76%;--awb-spacing-left-medium:5.76%;--awb-width-small:100%;--awb-spacing-right-small:1.92%;--awb-spacing-left-small:1.92%;\"><div class=\"fusion-column-wrapper fusion-flex-justify-content-flex-start fusion-content-layout-column\"><div class=\"fusion-image-element \" style=\"text-align:center;--awb-caption-title-font-family:var(--h2_typography-font-family);--awb-caption-title-font-weight:var(--h2_typography-font-weight);--awb-caption-title-font-style:var(--h2_typography-font-style);--awb-caption-title-size:var(--h2_typography-font-size);--awb-caption-title-transform:var(--h2_typography-text-transform);--awb-caption-title-line-height:var(--h2_typography-line-height);--awb-caption-title-letter-spacing:var(--h2_typography-letter-spacing);\"><span class=\" fusion-imageframe imageframe-none imageframe-4 hover-type-none\" style=\"border:3px solid #b59e69;\"><img decoding=\"async\" width=\"182\" height=\"235\" alt=\"Fabienne Anoufa animateur VITA-GV\" title=\"Fabienne Anoufa\" src=\"https:\/\/vita-gv.fr\/wp-content\/uploads\/2019\/03\/Fabienne-Anoufa-Animatrice-IMG_7081-e1696287294837.jpg\" class=\"img-responsive wp-image-3922\"\/><\/span><\/div><div class=\"fusion-separator fusion-full-width-sep\" style=\"align-self: center;margin-left: auto;margin-right: auto;width:100%;\"><\/div><div class=\"fusion-text fusion-text-13\"><p style=\"text-align: center;\"><strong><span style=\"color: #00378b;\"><span style=\"vertical-align: inherit;\"><span style=\"vertical-align: inherit;\"><span style=\"vertical-align: inherit;\"><span style=\"vertical-align: inherit;\"><span style=\"vertical-align: inherit;\"><span style=\"vertical-align: inherit;\"><span style=\"vertical-align: inherit;\"><span style=\"vertical-align: inherit;\"><span style=\"vertical-align: inherit;\"><span style=\"vertical-align: inherit;\">Fabienne Anoufa<\/span><\/span><\/span><\/span><\/span><\/span><\/span><\/span><\/span><\/span><\/span><\/strong><br \/>\n<span style=\"vertical-align: inherit;\"><span style=\"vertical-align: inherit;\"><span style=\"vertical-align: inherit;\"><span style=\"vertical-align: inherit;\"><span style=\"vertical-align: inherit;\"><span style=\"vertical-align: inherit;\"><span style=\"vertical-align: inherit;\"><span style=\"vertical-align: inherit;\"><span style=\"vertical-align: inherit;\"><span style=\"vertical-align: inherit;\"> Gym et Footing mod\u00e9r\u00e9e<\/span><\/span><\/span><\/span><\/span><\/span><\/span><\/span><\/span><\/span><br \/>\n<span style=\"vertical-align: inherit;\"><span style=\"vertical-align: inherit;\"><span style=\"vertical-align: inherit;\"><span style=\"vertical-align: inherit;\"><span style=\"vertical-align: inherit;\"><span style=\"vertical-align: inherit;\"><span style=\"vertical-align: inherit;\"><span style=\"vertical-align: inherit;\"><span style=\"vertical-align: inherit;\"><span style=\"vertical-align: inherit;\">Marche nordique<\/span><\/span><\/span><\/span><\/span><\/span><\/span><\/span><\/span><\/span><\/p>\n<\/div><div style=\"text-align:center;\"><a class=\"fusion-button button-flat fusion-button-default-size button-default fusion-button-default button-4 fusion-button-default-span fusion-button-default-type\" target=\"_self\" href=\"#\" data-toggle=\"modal\" data-target=\".fusion-modal.fabienne\"><span class=\"fusion-button-text\">Rencontrer Fabienne<\/span><\/a><\/div><div class=\"fusion-modal modal fade modal-4 fabienne\" tabindex=\"-1\" role=\"dialog\" aria-labelledby=\"modal-heading-4\" aria-hidden=\"true\" style=\"--awb-border-color:#ebebeb;--awb-background:#f6f6f6;\"><div class=\"modal-dialog modal-lg\" role=\"document\"><div class=\"modal-content fusion-modal-content\"><div class=\"modal-header\"><button class=\"close\" type=\"button\" data-dismiss=\"modal\" aria-hidden=\"true\" aria-label=\"Close\">&times;<\/button><h3 class=\"modal-title\" id=\"modal-heading-4\" data-dismiss=\"modal\" aria-hidden=\"true\"><\/h3><\/div><div class=\"modal-body fusion-clearfix\">\n<h2 style=\"text-align: center;\"><strong>FABIENNE, VOTRE ANIMATRICE VITA-GV<\/strong><\/h2>\n<h4 style=\"text-align: center;\"><strong>Professeur d&rsquo;Education Physique et Sportive de la ville de Paris<\/strong><\/h4>\n<h2 style=\"text-align: center;\">vous accueille :<\/h2>\n<p style=\"texte-align: center;\"><div class=\"fusion-separator fusion-has-icon fusion-full-width-sep\" style=\"align-self: center;margin-left: auto;margin-right: auto;margin-top:10px;margin-bottom:25px;width:100%;\"><div class=\"fusion-separator-border sep-single sep-solid\" style=\"--awb-height:20px;--awb-amount:20px;border-color:#e0dede;border-top-width:1px;\"><\/div><span class=\"icon-wrapper\" style=\"border-color:#e0dede;background-color:rgba(255,255,255,0);font-size:16px;width: 1.75em; height: 1.75em;border-width:1px;padding:1px;margin-top:-0.5px\"><i class=\" fa fa-arrow-circle-down\" style=\"font-size: inherit;color:var(--awb-color3);\" aria-hidden=\"true\"><\/i><\/span><div class=\"fusion-separator-border sep-single sep-solid\" style=\"--awb-height:20px;--awb-amount:20px;border-color:#e0dede;border-top-width:1px;\"><\/div><\/div>\n<div class=\"fusion-title title fusion-title-10 fusion-sep-none fusion-title-center fusion-title-text fusion-title-size-two\"><h2 class=\"fusion-title-heading title-heading-center\" style=\"margin:0;\"><h2 style=\"text-align: center;\">A UN COURS DE MARCHE NORDIQUE<\/h2><\/h2><\/div><div class=\"fusion-text fusion-text-14\"><h2 style=\"text-align: center;\">Au Lac des Minimes<br \/>\nle mercredi de 10 h 30 \u00e0 11 h 45<\/h2>\n<p style=\"text-align: center;\">Pour b\u00e9n\u00e9ficier des bienfaits d\u2019une activit\u00e9 de plein air,<br \/>\nfaire travailler et am\u00e9liorer vos capacit\u00e9s cardiaques<br \/>\net donner du bien-\u00eatre au moral.<\/p>\n<\/div>\n<div class=\"fusion-separator fusion-has-icon fusion-full-width-sep\" style=\"align-self: center;margin-left: auto;margin-right: auto;margin-top:10px;margin-bottom:25px;width:100%;\"><div class=\"fusion-separator-border sep-single sep-solid\" style=\"--awb-height:20px;--awb-amount:20px;border-color:#e0dede;border-top-width:1px;\"><\/div><span class=\"icon-wrapper\" style=\"border-color:#e0dede;background-color:rgba(255,255,255,0);font-size:16px;width: 1.75em; height: 1.75em;border-width:1px;padding:1px;margin-top:-0.5px\"><i class=\" fa fa-arrow-circle-down\" style=\"font-size: inherit;color:var(--awb-color3);\" aria-hidden=\"true\"><\/i><\/span><div class=\"fusion-separator-border sep-single sep-solid\" style=\"--awb-height:20px;--awb-amount:20px;border-color:#e0dede;border-top-width:1px;\"><\/div><\/div><div class=\"fusion-title title fusion-title-11 fusion-sep-none fusion-title-center fusion-title-text fusion-title-size-two\"><h2 class=\"fusion-title-heading title-heading-center\" style=\"margin:0;\"><h2 style=\"text-align: center;\">A UN COURS DE GYM ET FOOTING MODERE<\/h2><\/h2><\/div><div class=\"fusion-text fusion-text-15\"><h2 style=\"text-align: center;\">Au Lac des Minimes<br \/>\nle mercredi de 9 h 15 \u00e0 10 h 30<\/h2>\n<p style=\"text-align: center;\">Pour un travail de renforcement musculaire<br \/>\nen alternance avec des s\u00e9quences de footing mod\u00e9r\u00e9.<\/p>\n<\/div>\n<\/div><\/div><\/div><\/div><\/div><\/div><div class=\"fusion-layout-column fusion_builder_column fusion-builder-column-4 fusion_builder_column_1_3 1_3 fusion-flex-column\" style=\"--awb-bg-blend:overlay;--awb-bg-size:cover;--awb-width-large:33.333333333333%;--awb-margin-top-large:0px;--awb-spacing-right-large:5.76%;--awb-margin-bottom-large:20px;--awb-spacing-left-large:5.76%;--awb-width-medium:33.333333333333%;--awb-spacing-right-medium:5.76%;--awb-spacing-left-medium:5.76%;--awb-width-small:100%;--awb-spacing-right-small:1.92%;--awb-spacing-left-small:1.92%;\"><div class=\"fusion-column-wrapper fusion-flex-justify-content-flex-start fusion-content-layout-column\"><div class=\"fusion-image-element \" style=\"text-align:center;--awb-caption-title-font-family:var(--h2_typography-font-family);--awb-caption-title-font-weight:var(--h2_typography-font-weight);--awb-caption-title-font-style:var(--h2_typography-font-style);--awb-caption-title-size:var(--h2_typography-font-size);--awb-caption-title-transform:var(--h2_typography-text-transform);--awb-caption-title-line-height:var(--h2_typography-line-height);--awb-caption-title-letter-spacing:var(--h2_typography-letter-spacing);\"><span class=\" fusion-imageframe imageframe-none imageframe-5 hover-type-none\" style=\"border:3px solid #b5e1f4;\"><img decoding=\"async\" width=\"202\" height=\"253\" alt=\"Sophie ABSALON animateur VITA-GV\" title=\"Sophie Absalon\" src=\"https:\/\/vita-gv.fr\/wp-content\/uploads\/2018\/04\/sophie-absalon-e1696287630919.jpg\" class=\"img-responsive wp-image-3401\" srcset=\"https:\/\/vita-gv.fr\/wp-content\/uploads\/2018\/04\/sophie-absalon-e1696287630919-200x250.jpg 200w, https:\/\/vita-gv.fr\/wp-content\/uploads\/2018\/04\/sophie-absalon-e1696287630919.jpg 202w\" sizes=\"(max-width: 640px) 100vw, 202px\" \/><\/span><\/div><div class=\"fusion-separator fusion-full-width-sep\" style=\"align-self: center;margin-left: auto;margin-right: auto;width:100%;\"><\/div><div class=\"fusion-text fusion-text-16\"><p style=\"text-align: center;\"><strong><span style=\"color: #00378b;\"><span style=\"vertical-align: inherit;\"><span style=\"vertical-align: inherit;\"><span style=\"vertical-align: inherit;\"><span style=\"vertical-align: inherit;\">Sophie ABSALON<\/span><\/span><\/span><\/span><\/span><\/strong><br \/>\n<span style=\"vertical-align: inherit;\"><span style=\"vertical-align: inherit;\"><span style=\"vertical-align: inherit;\"><span style=\"vertical-align: inherit;\"> Pilates<\/span><\/span><\/span><\/span><\/p>\n<\/div><div style=\"text-align:center;\"><a class=\"fusion-button button-flat button-small button-default fusion-button-default button-5 fusion-button-default-span fusion-button-default-type\" target=\"_self\" href=\"#\" data-toggle=\"modal\" data-target=\".fusion-modal.sophie\"><span class=\"fusion-button-text\">rencontrer Sophie<\/span><\/a><\/div><div class=\"fusion-modal modal fade modal-5 sophie\" tabindex=\"-1\" role=\"dialog\" aria-labelledby=\"modal-heading-5\" aria-hidden=\"true\" style=\"--awb-border-color:#ebebeb;--awb-background:#f6f6f6;\"><div class=\"modal-dialog modal-lg\" role=\"document\"><div class=\"modal-content fusion-modal-content\"><div class=\"modal-header\"><button class=\"close\" type=\"button\" data-dismiss=\"modal\" aria-hidden=\"true\" aria-label=\"Close\">&times;<\/button><h3 class=\"modal-title\" id=\"modal-heading-5\" data-dismiss=\"modal\" aria-hidden=\"true\"><\/h3><\/div><div class=\"modal-body fusion-clearfix\">\n<h2 style=\"text-align: center;\"><strong><span style=\"vertical-align: inherit;\"><span style=\"vertical-align: inherit;\">SOPHIE, VOTRE ANIMATRICE VITA-GV,<\/span><\/span><\/strong><\/h2>\n<h4 style=\"text-align: center;\"><strong><span style=\"vertical-align: inherit;\"><span style=\"vertical-align: inherit;\">Dipl\u00f4m\u00e9e EPGV (Education Physique et Gymnastique Volontaire) <\/span><\/span><br \/>\n<span style=\"vertical-align: inherit;\"><span style=\"vertical-align: inherit;\">Animatrice F\u00e9d\u00e9rale 1er degr\u00e9, option s\u00e9niors salle <\/span><\/span><br \/>\n<span style=\"vertical-align: inherit;\"><span style=\"vertical-align: inherit;\">Animatrice Pilates niveau 1 (Dipl\u00f4m\u00e9e Matwork Pilates par SET STUDIO)<\/span><\/span><\/strong><\/h4>\n<h2 style=\"text-align: center;\"><span style=\"vertical-align: inherit;\"><span style=\"vertical-align: inherit;\">vous accueille :<\/span><\/span><\/h2>\n<p><span style=\"vertical-align: inherit;\"><span style=\"vertical-align: inherit;\"><div class=\"fusion-separator fusion-no-small-visibility fusion-no-medium-visibility fusion-no-large-visibility fusion-full-width-sep\" style=\"align-self: center;margin-left: auto;margin-right: auto;margin-top:10px;margin-bottom:25px;width:100%;\"><div class=\"fusion-separator-border sep-single sep-solid\" style=\"--awb-height:20px;--awb-amount:20px;border-color:#e0dede;border-top-width:1px;\"><\/div><\/div><div class=\"fusion-title title fusion-title-12 fusion-no-small-visibility fusion-no-medium-visibility fusion-sep-none fusion-title-center fusion-title-text fusion-title-size-two\"><h2 class=\"fusion-title-heading title-heading-center\" style=\"margin:0;\"><\/span><\/span><\/p>\n<h2 style=\"text-align: center;\"><span style=\"vertical-align: inherit;\"><span style=\"vertical-align: inherit;\">\u00c0 UN COURS DE PILATES<br \/>\n<\/span><\/span><span style=\"vertical-align: inherit;\"><span style=\"vertical-align: inherit;\"><\/h2><\/div> <\/span><\/span><br \/>\n<span style=\"vertical-align: inherit;\"><span style=\"vertical-align: inherit;\"><div class=\"fusion-text fusion-text-17\"><p><\/span><\/span><\/h2>\n<h2 style=\"text-align: center;\"><span style=\"vertical-align: inherit;\"><span style=\"vertical-align: inherit;\">Au Gymnase de l&rsquo;\u00c9cole de l&rsquo;ouest <\/span><\/span><br \/>\n<span style=\"vertical-align: inherit;\"><span style=\"vertical-align: inherit;\">le mardi de 18 h 15 \u00e0 19 h 15 et de 19 h 15 \u00e0 20 h 15<\/span><\/span><\/h2>\n<p style=\"text-align: center;\"><span style=\"vertical-align: inherit;\"><span style=\"vertical-align: inherit;\">Pour assouplir et tonifier votre corps et ainsi r\u00e9\u00e9quilibrer votre posture. <\/span><\/span><br \/>\n<span style=\"vertical-align: inherit;\"><span style=\"vertical-align: inherit;\">L&rsquo;attention est port\u00e9e sur la prise de conscience des diff\u00e9rentes parties de son corps <\/span><\/span><br \/>\n<span style=\"vertical-align: inherit;\"><span style=\"vertical-align: inherit;\">afin d&rsquo;apprendre \u00e0 d\u00e9sinhiber les r\u00e9flexes des muscles tendus, car sur-sollicit\u00e9s, <\/span><\/span><br \/>\n<span style=\"vertical-align: inherit;\"><span style=\"vertical-align: inherit;\">et d&rsquo;\u00e9veiller ceux d\u00e9laiss\u00e9s.<\/span><\/span><\/p>\n<p><span style=\"vertical-align: inherit;\"><span style=\"vertical-align: inherit;\"><\/p>\n<\/div><\/span><\/span><\/p>\n<\/div><\/div><\/div><\/div><\/div><\/div><div class=\"fusion-layout-column fusion_builder_column fusion-builder-column-5 fusion_builder_column_1_3 1_3 fusion-flex-column\" style=\"--awb-bg-blend:overlay;--awb-bg-size:cover;--awb-width-large:33.333333333333%;--awb-margin-top-large:0px;--awb-spacing-right-large:5.76%;--awb-margin-bottom-large:20px;--awb-spacing-left-large:5.76%;--awb-width-medium:33.333333333333%;--awb-spacing-right-medium:5.76%;--awb-spacing-left-medium:5.76%;--awb-width-small:100%;--awb-spacing-right-small:1.92%;--awb-spacing-left-small:1.92%;\"><div class=\"fusion-column-wrapper fusion-flex-justify-content-flex-start fusion-content-layout-column\"><div class=\"fusion-image-element \" style=\"text-align:center;--awb-caption-title-font-family:var(--h2_typography-font-family);--awb-caption-title-font-weight:var(--h2_typography-font-weight);--awb-caption-title-font-style:var(--h2_typography-font-style);--awb-caption-title-size:var(--h2_typography-font-size);--awb-caption-title-transform:var(--h2_typography-text-transform);--awb-caption-title-line-height:var(--h2_typography-line-height);--awb-caption-title-letter-spacing:var(--h2_typography-letter-spacing);\"><span class=\" fusion-imageframe imageframe-none imageframe-6 hover-type-none\" style=\"border:3px solid #b5e1f4;\"><img decoding=\"async\" width=\"200\" height=\"300\" alt=\"Sophie ABSALON animateur VITA-GV\" title=\"Photo-J\u00e9r\u00e9my(2)\" src=\"https:\/\/vita-gv.fr\/wp-content\/uploads\/2024\/08\/Photo-J\u00e9r\u00e9my2.png\" class=\"img-responsive wp-image-4473\" srcset=\"https:\/\/vita-gv.fr\/wp-content\/uploads\/2024\/08\/Photo-J\u00e9r\u00e9my2-66x99.png 66w, https:\/\/vita-gv.fr\/wp-content\/uploads\/2024\/08\/Photo-J\u00e9r\u00e9my2-177x266.png 177w, https:\/\/vita-gv.fr\/wp-content\/uploads\/2024\/08\/Photo-J\u00e9r\u00e9my2.png 200w\" sizes=\"(max-width: 200px) 100vw, 200px\" \/><\/span><\/div><div class=\"fusion-separator fusion-full-width-sep\" style=\"align-self: center;margin-left: auto;margin-right: auto;width:100%;\"><\/div><div class=\"fusion-text fusion-text-18\"><p style=\"text-align: center;\"><strong><span style=\"color: #00378b;\">J\u00e9r\u00e9my OLIVAUD<\/span><\/strong><br \/>\nGym musculaire et tonique<\/p>\n<\/div><div style=\"text-align:center;\"><a class=\"fusion-button button-flat button-small button-default fusion-button-default button-6 fusion-button-default-span fusion-button-default-type\" target=\"_self\" href=\"#\" data-toggle=\"modal\" data-target=\".fusion-modal.J\u00e9r\u00e9my\"><span class=\"fusion-button-text\">rencontrer J\u00e9r\u00e9my<\/span><\/a><\/div><div class=\"fusion-modal modal fade modal-6 J\u00e9r\u00e9my\" tabindex=\"-1\" role=\"dialog\" aria-labelledby=\"modal-heading-6\" aria-hidden=\"true\" style=\"--awb-border-color:#ebebeb;--awb-background:#f6f6f6;\"><div class=\"modal-dialog modal-lg\" role=\"document\"><div class=\"modal-content fusion-modal-content\"><div class=\"modal-header\"><button class=\"close\" type=\"button\" data-dismiss=\"modal\" aria-hidden=\"true\" aria-label=\"Close\">&times;<\/button><h3 class=\"modal-title\" id=\"modal-heading-6\" data-dismiss=\"modal\" aria-hidden=\"true\"><\/h3><\/div><div class=\"modal-body fusion-clearfix\">\n<h2 style=\"text-align: center;\"><strong><span style=\"vertical-align: inherit;\"><span style=\"vertical-align: inherit;\">JEREMY, VOTRE ANIMATEUR VITA-GV,<\/span><\/span><\/strong><\/h2>\n<h4 style=\"text-align: center;\"><strong><span style=\"vertical-align: inherit;\"><span style=\"vertical-align: inherit;\">Dipl\u00f4m\u00e9 STAPS (Sciences et Techniques des Activit\u00e9s Physiques et Sportives<\/span><\/span><\/strong><\/h4>\n<p style=\"text-align: center;\"><div class=\"awb-gallery-wrapper awb-gallery-wrapper-3 button-span-no\"><div style=\"margin:-5px;--awb-bordersize:0px;\" class=\"fusion-gallery fusion-gallery-container fusion-grid-5 fusion-columns-total-0 fusion-gallery-layout-grid fusion-gallery-3\"><\/div><\/div>\n<p style=\"text-align: center;\"><div class=\"fusion-separator fusion-has-icon fusion-full-width-sep\" style=\"align-self: center;margin-left: auto;margin-right: auto;margin-top:10px;margin-bottom:25px;width:100%;\"><div class=\"fusion-separator-border sep-single sep-solid\" style=\"--awb-height:20px;--awb-amount:20px;border-color:#e0dede;border-top-width:1px;\"><\/div><span class=\"icon-wrapper\" style=\"border-color:#e0dede;background-color:rgba(255,255,255,0);font-size:16px;width: 1.75em; height: 1.75em;border-width:1px;padding:1px;margin-top:-0.5px\"><i class=\" fa fa-arrow-circle-down\" style=\"font-size: inherit;color:var(--awb-color3);\" aria-hidden=\"true\"><\/i><\/span><div class=\"fusion-separator-border sep-single sep-solid\" style=\"--awb-height:20px;--awb-amount:20px;border-color:#e0dede;border-top-width:1px;\"><\/div><\/div>\n<div class=\"fusion-title title fusion-title-13 fusion-sep-none fusion-title-center fusion-title-text fusion-title-size-two\"><h2 class=\"fusion-title-heading title-heading-center\" style=\"margin:0;\"><h2 style=\"text-align: center;\"><span style=\"vertical-align: inherit;\"><span style=\"vertical-align: inherit;\">vous accueille :<\/span><\/span><\/h2>\n<p><span style=\"vertical-align: inherit;\"><span style=\"vertical-align: inherit;\"><div class=\"fusion-separator fusion-no-small-visibility fusion-no-medium-visibility fusion-no-large-visibility fusion-full-width-sep\" style=\"align-self: center;margin-left: auto;margin-right: auto;margin-top:10px;margin-bottom:25px;width:100%;\"><div class=\"fusion-separator-border sep-single sep-solid\" style=\"--awb-height:20px;--awb-amount:20px;border-color:#e0dede;border-top-width:1px;\"><\/div><\/div><div class=\"fusion-title title fusion-title-13 fusion-no-small-visibility fusion-no-medium-visibility fusion-sep-none fusion-title-center fusion-title-text fusion-title-size-two\"><h2 class=\"fusion-title-heading title-heading-center\" style=\"margin:0;\"><\/h2><\/div><\/span><\/span><\/p>\n<h2 style=\"text-align: center;\"><span style=\"vertical-align: inherit;\"><span style=\"vertical-align: inherit;\">\u00c0 UN COURS DE GYMNASTIQUE MUSCULAIRE ET TONIQUE<\/span><\/span><\/h2>\n<p style=\"text-align: center;\"><span style=\"vertical-align: inherit;\"><span style=\"vertical-align: inherit;\"><\/h2><\/div><div class=\"fusion-text fusion-text-19\"><p><\/span><\/span><\/p>\n<h2 style=\"text-align: center;\"><span style=\"vertical-align: inherit;\"><span style=\"vertical-align: inherit;\">Au Gymnase de l&rsquo;\u00e9cole Simone-Veil <\/span><\/span><br \/>\n<span style=\"vertical-align: inherit;\"><span style=\"vertical-align: inherit;\">le mardi de 19h 00 \u00e0 20h 30<\/span><\/span><\/h2>\n<p style=\"text-align: center;\"><span style=\"vertical-align: inherit;\"><span style=\"vertical-align: inherit;\">Pour un travail de renforcement musculaire et des activit\u00e9s cardio-respiratoires.<\/span><\/span><\/p>\n<p><span style=\"vertical-align: inherit;\"><span style=\"vertical-align: inherit;\"><\/p>\n<\/div><\/span><\/span><\/p>\n<\/div><\/div><\/div><\/div><\/div><\/div><div class=\"fusion-layout-column fusion_builder_column fusion-builder-column-6 fusion_builder_column_1_3 1_3 fusion-flex-column\" style=\"--awb-bg-blend:overlay;--awb-bg-size:cover;--awb-width-large:33.333333333333%;--awb-margin-top-large:0px;--awb-spacing-right-large:5.76%;--awb-margin-bottom-large:20px;--awb-spacing-left-large:5.76%;--awb-width-medium:33.333333333333%;--awb-spacing-right-medium:5.76%;--awb-spacing-left-medium:5.76%;--awb-width-small:100%;--awb-spacing-right-small:1.92%;--awb-spacing-left-small:1.92%;\"><div class=\"fusion-column-wrapper fusion-flex-justify-content-flex-start fusion-content-layout-column\"><div class=\"fusion-image-element \" style=\"text-align:center;--awb-caption-title-font-family:var(--h2_typography-font-family);--awb-caption-title-font-weight:var(--h2_typography-font-weight);--awb-caption-title-font-style:var(--h2_typography-font-style);--awb-caption-title-size:var(--h2_typography-font-size);--awb-caption-title-transform:var(--h2_typography-text-transform);--awb-caption-title-line-height:var(--h2_typography-line-height);--awb-caption-title-letter-spacing:var(--h2_typography-letter-spacing);\"><span class=\" fusion-imageframe imageframe-none imageframe-7 hover-type-none\" style=\"border:3px solid #b5e1f4;\"><img decoding=\"async\" width=\"200\" height=\"300\" alt=\"Sophie ABSALON animateur VITA-GV\" title=\"Malik (2)\" src=\"https:\/\/vita-gv.fr\/wp-content\/uploads\/2024\/08\/Malik-2.png\" class=\"img-responsive wp-image-4474\" srcset=\"https:\/\/vita-gv.fr\/wp-content\/uploads\/2024\/08\/Malik-2-66x99.png 66w, https:\/\/vita-gv.fr\/wp-content\/uploads\/2024\/08\/Malik-2-177x266.png 177w, https:\/\/vita-gv.fr\/wp-content\/uploads\/2024\/08\/Malik-2.png 200w\" sizes=\"(max-width: 200px) 100vw, 200px\" \/><\/span><\/div><div class=\"fusion-separator fusion-full-width-sep\" style=\"align-self: center;margin-left: auto;margin-right: auto;width:100%;\"><\/div><div class=\"fusion-text fusion-text-20\"><p style=\"text-align: center;\"><strong><span style=\"color: #00378b;\">Malika AISSI<\/span><\/strong><br \/>\nPilates<br \/>\nGym musculaire et tonique<\/p>\n<\/div><div style=\"text-align:center;\"><a class=\"fusion-button button-flat button-small button-default fusion-button-default button-7 fusion-button-default-span fusion-button-default-type\" target=\"_self\" href=\"#\" data-toggle=\"modal\" data-target=\".fusion-modal.malika\"><span class=\"fusion-button-text\">rencontrer malika<\/span><\/a><\/div><div class=\"fusion-modal modal fade modal-7 malika\" tabindex=\"-1\" role=\"dialog\" aria-labelledby=\"modal-heading-7\" aria-hidden=\"true\" style=\"--awb-border-color:#ebebeb;--awb-background:#f6f6f6;\"><div class=\"modal-dialog modal-lg\" role=\"document\"><div class=\"modal-content fusion-modal-content\"><div class=\"modal-header\"><button class=\"close\" type=\"button\" data-dismiss=\"modal\" aria-hidden=\"true\" aria-label=\"Close\">&times;<\/button><h3 class=\"modal-title\" id=\"modal-heading-7\" data-dismiss=\"modal\" aria-hidden=\"true\"><\/h3><\/div><div class=\"modal-body fusion-clearfix\">\n<h2 style=\"text-align: center;\"><strong><span style=\"vertical-align: inherit;\"><span style=\"vertical-align: inherit;\">MALIKA, VOTRE ANIMATRICE VITA-GV,<\/span><\/span><\/strong><\/h2>\n<h4 style=\"text-align: center;\">Dipl\u00f4m\u00e9e CQP (Certificat de Qualification Professionnelle) Animateur de loisir sportif, option Activit\u00e9s Gymniques d\u2019Entretien et d\u2019Expression<br \/>\nDipl\u00f4m\u00e9e Sport Sant\u00e9 FSCF (F\u00e9d\u00e9ration Sportive et Culturelle de France) Atoutform\u2019, Activit\u00e9s physiques adapt\u00e9es sur prescription m\u00e9dicale<\/h4>\n<p style=\"text-align: center;\"><div class=\"awb-gallery-wrapper awb-gallery-wrapper-4 button-span-no\"><div style=\"margin:-5px;--awb-bordersize:0px;\" class=\"fusion-gallery fusion-gallery-container fusion-grid-5 fusion-columns-total-0 fusion-gallery-layout-grid fusion-gallery-4\"><\/div><\/div>\n<p style=\"text-align: center;\"><div class=\"fusion-separator fusion-has-icon fusion-full-width-sep\" style=\"align-self: center;margin-left: auto;margin-right: auto;margin-top:10px;margin-bottom:25px;width:100%;\"><div class=\"fusion-separator-border sep-single sep-solid\" style=\"--awb-height:20px;--awb-amount:20px;border-color:#e0dede;border-top-width:1px;\"><\/div><span class=\"icon-wrapper\" style=\"border-color:#e0dede;background-color:rgba(255,255,255,0);font-size:16px;width: 1.75em; height: 1.75em;border-width:1px;padding:1px;margin-top:-0.5px\"><i class=\" fa fa-arrow-circle-down\" style=\"font-size: inherit;color:var(--awb-color3);\" aria-hidden=\"true\"><\/i><\/span><div class=\"fusion-separator-border sep-single sep-solid\" style=\"--awb-height:20px;--awb-amount:20px;border-color:#e0dede;border-top-width:1px;\"><\/div><\/div>\n<div class=\"fusion-title title fusion-title-15 fusion-sep-none fusion-title-center fusion-title-text fusion-title-size-two\"><h2 class=\"fusion-title-heading title-heading-center\" style=\"margin:0;\"><h2 style=\"text-align: center;\"><span style=\"vertical-align: inherit;\"><span style=\"vertical-align: inherit;\">vous accueille :<\/span><\/span><\/h2>\n<p><span style=\"vertical-align: inherit;\"><span style=\"vertical-align: inherit;\"><div class=\"fusion-separator fusion-no-small-visibility fusion-no-medium-visibility fusion-no-large-visibility fusion-full-width-sep\" style=\"align-self: center;margin-left: auto;margin-right: auto;margin-top:10px;margin-bottom:25px;width:100%;\"><div class=\"fusion-separator-border sep-single sep-solid\" style=\"--awb-height:20px;--awb-amount:20px;border-color:#e0dede;border-top-width:1px;\"><\/div><\/div><div class=\"fusion-title title fusion-title-15 fusion-no-small-visibility fusion-no-medium-visibility fusion-sep-none fusion-title-center fusion-title-text fusion-title-size-two\"><h2 class=\"fusion-title-heading title-heading-center\" style=\"margin:0;\"><\/h2><\/div><\/span><\/span><\/p>\n<h2 style=\"text-align: center;\"><span style=\"vertical-align: inherit;\"><span style=\"vertical-align: inherit;\">\u00c0 UN COURS DE PILATES<\/span><\/span><\/h2>\n<p style=\"text-align: center;\"><span style=\"vertical-align: inherit;\"><span style=\"vertical-align: inherit;\"><\/h2><\/div><div class=\"fusion-text fusion-text-21\"><p><\/span><\/span><\/p>\n<h2 style=\"text-align: center;\"><span style=\"vertical-align: inherit;\"><span style=\"vertical-align: inherit;\">Au Gymnase de l&rsquo;\u00e9cole de l&rsquo;ouest<\/span><\/span><br \/>\n<span style=\"vertical-align: inherit;\"><span style=\"vertical-align: inherit;\">le lundi de 19h \u00e0 20h<\/span><\/span><\/h2>\n<h2 style=\"text-align: center;\"><span style=\"vertical-align: inherit;\">Au Gymnase Georges Serre<br \/>\nle jeudi de 18h30 \u00e0 19h30 et 19h30 \u00e0 20h30<\/span><\/h2>\n<p style=\"text-align: center;\"><span style=\"vertical-align: inherit;\"><span style=\"vertical-align: inherit;\">Pour assouplir et tonifier votre corps et ainsi r\u00e9\u00e9quilibrer votre posture. <\/span><\/span><br \/>\n<span style=\"vertical-align: inherit;\"><span style=\"vertical-align: inherit;\">L&rsquo;attention est port\u00e9e sur la prise de conscience des diff\u00e9rentes parties de son corps <\/span><\/span><br \/>\n<span style=\"vertical-align: inherit;\"><span style=\"vertical-align: inherit;\">afin d&rsquo;apprendre \u00e0 d\u00e9sinhiber les r\u00e9flexes des muscles tendus, car sur-sollicit\u00e9s, <\/span><\/span><br \/>\n<span style=\"vertical-align: inherit;\"><span style=\"vertical-align: inherit;\">et d&rsquo;\u00e9veiller ceux d\u00e9laiss\u00e9s.<\/span><\/span><\/p>\n<p><span style=\"vertical-align: inherit;\"><span style=\"vertical-align: inherit;\"><\/p>\n<\/div><\/span><\/span><\/p>\n<p style=\"text-align: center;\"><div class=\"fusion-separator fusion-has-icon fusion-full-width-sep\" style=\"align-self: center;margin-left: auto;margin-right: auto;margin-top:10px;margin-bottom:25px;width:100%;\"><div class=\"fusion-separator-border sep-single sep-solid\" style=\"--awb-height:20px;--awb-amount:20px;border-color:#e0dede;border-top-width:1px;\"><\/div><span class=\"icon-wrapper\" style=\"border-color:#e0dede;background-color:rgba(255,255,255,0);font-size:16px;width: 1.75em; height: 1.75em;border-width:1px;padding:1px;margin-top:-0.5px\"><i class=\" fa fa-arrow-circle-down\" style=\"font-size: inherit;color:var(--awb-color3);\" aria-hidden=\"true\"><\/i><\/span><div class=\"fusion-separator-border sep-single sep-solid\" style=\"--awb-height:20px;--awb-amount:20px;border-color:#e0dede;border-top-width:1px;\"><\/div><\/div>\n<div class=\"fusion-title title fusion-title-17 fusion-sep-none fusion-title-center fusion-title-text fusion-title-size-two\"><h2 class=\"fusion-title-heading title-heading-center\" style=\"margin:0;\"><h2 style=\"text-align: center;\"><span style=\"vertical-align: inherit;\">\u00c0 UN COURS DE GYMNASTIQUE MUSCULAIRE ET TONIQUE<\/span><\/h2>\n<p style=\"text-align: center;\"><span style=\"vertical-align: inherit;\"><\/h2><\/div><div class=\"fusion-text fusion-text-22\"><p><\/span><\/p>\n<h2 style=\"text-align: center;\"><span style=\"vertical-align: inherit;\">Au Gymnase Georges Serre<br \/>\nle mercredi de 19h00 \u00e0 20h00 et de 20h00 \u00e0 21h00<\/span><\/h2>\n<p><span style=\"vertical-align: inherit;\"><span style=\"vertical-align: inherit;\"><\/p>\n<\/div><\/span><\/span><\/p>\n<p style=\"text-align: center;\"><span style=\"font-weight: 400;\">Pour un travail de renforcement musculaire et des activit\u00e9s cardio-respiratoires.<\/span><\/p>\n<\/div><\/div><\/div><\/div><\/div><\/div><\/div><\/div><div class=\"fusion-fullwidth fullwidth-box fusion-builder-row-3 fusion-flex-container nonhundred-percent-fullwidth non-hundred-percent-height-scrolling\" style=\"--awb-border-radius-top-left:0px;--awb-border-radius-top-right:0px;--awb-border-radius-bottom-right:0px;--awb-border-radius-bottom-left:0px;--awb-flex-wrap:wrap;\" ><\/div><\/p>\n","protected":false},"excerpt":{"rendered":"","protected":false},"author":1,"featured_media":0,"parent":0,"menu_order":0,"comment_status":"closed","ping_status":"closed","template":"","meta":{"footnotes":""},"class_list":["post-2111","page","type-page","status-publish","hentry"],"yoast_head":"<!-- This site is optimized with the Yoast SEO plugin v26.9 - https:\/\/yoast.com\/product\/yoast-seo-wordpress\/ -->\n<title>ANIMATEURS VITA-GV - VITA-GV<\/title>\n<meta name=\"description\" content=\"VITA-GV vous propose son \u00e9quipe d&#039;animateurs sportifs : Didier De Carlo, Erika Linas, J\u00e9r\u00f4me Touron, Marl\u00e8ne Vandendriessche, Nicolas Cauchard, Marion Capoulade, Sophie ABSALON\" \/>\n<meta name=\"robots\" content=\"index, follow, max-snippet:-1, max-image-preview:large, max-video-preview:-1\" \/>\n<link rel=\"canonical\" href=\"https:\/\/vita-gv.fr\/index.php\/animateurs-vita-gv-2\/\" \/>\n<meta property=\"og:locale\" content=\"fr_FR\" \/>\n<meta property=\"og:type\" content=\"article\" \/>\n<meta property=\"og:title\" content=\"ANIMATEURS VITA-GV - VITA-GV\" \/>\n<meta property=\"og:description\" content=\"VITA-GV vous propose son \u00e9quipe d&#039;animateurs sportifs : Didier De Carlo, Erika Linas, J\u00e9r\u00f4me Touron, Marl\u00e8ne Vandendriessche, Nicolas Cauchard, Marion Capoulade, Sophie ABSALON\" \/>\n<meta property=\"og:url\" content=\"https:\/\/vita-gv.fr\/index.php\/animateurs-vita-gv-2\/\" \/>\n<meta property=\"og:site_name\" content=\"VITA-GV\" \/>\n<meta property=\"article:modified_time\" content=\"2025-08-07T15:26:48+00:00\" \/>\n<meta name=\"twitter:card\" content=\"summary_large_image\" \/>\n<meta name=\"twitter:label1\" content=\"Dur\u00e9e de lecture estim\u00e9e\" \/>\n\t<meta name=\"twitter:data1\" content=\"22 minutes\" \/>\n<script type=\"application\/ld+json\" class=\"yoast-schema-graph\">{\"@context\":\"https:\/\/schema.org\",\"@graph\":[{\"@type\":\"WebPage\",\"@id\":\"https:\/\/vita-gv.fr\/index.php\/animateurs-vita-gv-2\/\",\"url\":\"https:\/\/vita-gv.fr\/index.php\/animateurs-vita-gv-2\/\",\"name\":\"ANIMATEURS VITA-GV - VITA-GV\",\"isPartOf\":{\"@id\":\"https:\/\/vita-gv.fr\/#website\"},\"datePublished\":\"2015-12-31T15:41:58+00:00\",\"dateModified\":\"2025-08-07T15:26:48+00:00\",\"description\":\"VITA-GV vous propose son \u00e9quipe d'animateurs sportifs : Didier De Carlo, Erika Linas, J\u00e9r\u00f4me Touron, Marl\u00e8ne Vandendriessche, Nicolas Cauchard, Marion Capoulade, Sophie ABSALON\",\"breadcrumb\":{\"@id\":\"https:\/\/vita-gv.fr\/index.php\/animateurs-vita-gv-2\/#breadcrumb\"},\"inLanguage\":\"fr-FR\",\"potentialAction\":[{\"@type\":\"ReadAction\",\"target\":[\"https:\/\/vita-gv.fr\/index.php\/animateurs-vita-gv-2\/\"]}]},{\"@type\":\"BreadcrumbList\",\"@id\":\"https:\/\/vita-gv.fr\/index.php\/animateurs-vita-gv-2\/#breadcrumb\",\"itemListElement\":[{\"@type\":\"ListItem\",\"position\":1,\"name\":\"Accueil\",\"item\":\"https:\/\/vita-gv.fr\/\"},{\"@type\":\"ListItem\",\"position\":2,\"name\":\"ANIMATEURS VITA-GV\"}]},{\"@type\":\"WebSite\",\"@id\":\"https:\/\/vita-gv.fr\/#website\",\"url\":\"https:\/\/vita-gv.fr\/\",\"name\":\"VITA-GV\",\"description\":\"Gymnastique volontaire de Vincennes\",\"publisher\":{\"@id\":\"https:\/\/vita-gv.fr\/#organization\"},\"potentialAction\":[{\"@type\":\"SearchAction\",\"target\":{\"@type\":\"EntryPoint\",\"urlTemplate\":\"https:\/\/vita-gv.fr\/?s={search_term_string}\"},\"query-input\":{\"@type\":\"PropertyValueSpecification\",\"valueRequired\":true,\"valueName\":\"search_term_string\"}}],\"inLanguage\":\"fr-FR\"},{\"@type\":\"Organization\",\"@id\":\"https:\/\/vita-gv.fr\/#organization\",\"name\":\"VITA-GV\",\"url\":\"https:\/\/vita-gv.fr\/\",\"logo\":{\"@type\":\"ImageObject\",\"inLanguage\":\"fr-FR\",\"@id\":\"https:\/\/vita-gv.fr\/#\/schema\/logo\/image\/\",\"url\":\"https:\/\/vita-gv.fr\/wp-content\/uploads\/2018\/04\/logo-QCLSS-17-21-A094002-COULEUR.jpeg\",\"contentUrl\":\"https:\/\/vita-gv.fr\/wp-content\/uploads\/2018\/04\/logo-QCLSS-17-21-A094002-COULEUR.jpeg\",\"width\":476,\"height\":693,\"caption\":\"VITA-GV\"},\"image\":{\"@id\":\"https:\/\/vita-gv.fr\/#\/schema\/logo\/image\/\"}}]}<\/script>\n<!-- \/ Yoast SEO plugin. -->","yoast_head_json":{"title":"ANIMATEURS VITA-GV - VITA-GV","description":"VITA-GV vous propose son \u00e9quipe d'animateurs sportifs : Didier De Carlo, Erika Linas, J\u00e9r\u00f4me Touron, Marl\u00e8ne Vandendriessche, Nicolas Cauchard, Marion Capoulade, Sophie ABSALON","robots":{"index":"index","follow":"follow","max-snippet":"max-snippet:-1","max-image-preview":"max-image-preview:large","max-video-preview":"max-video-preview:-1"},"canonical":"https:\/\/vita-gv.fr\/index.php\/animateurs-vita-gv-2\/","og_locale":"fr_FR","og_type":"article","og_title":"ANIMATEURS VITA-GV - VITA-GV","og_description":"VITA-GV vous propose son \u00e9quipe d'animateurs sportifs : Didier De Carlo, Erika Linas, J\u00e9r\u00f4me Touron, Marl\u00e8ne Vandendriessche, Nicolas Cauchard, Marion Capoulade, Sophie ABSALON","og_url":"https:\/\/vita-gv.fr\/index.php\/animateurs-vita-gv-2\/","og_site_name":"VITA-GV","article_modified_time":"2025-08-07T15:26:48+00:00","twitter_card":"summary_large_image","twitter_misc":{"Dur\u00e9e de lecture estim\u00e9e":"22 minutes"},"schema":{"@context":"https:\/\/schema.org","@graph":[{"@type":"WebPage","@id":"https:\/\/vita-gv.fr\/index.php\/animateurs-vita-gv-2\/","url":"https:\/\/vita-gv.fr\/index.php\/animateurs-vita-gv-2\/","name":"ANIMATEURS VITA-GV - VITA-GV","isPartOf":{"@id":"https:\/\/vita-gv.fr\/#website"},"datePublished":"2015-12-31T15:41:58+00:00","dateModified":"2025-08-07T15:26:48+00:00","description":"VITA-GV vous propose son \u00e9quipe d'animateurs sportifs : Didier De Carlo, Erika Linas, J\u00e9r\u00f4me Touron, Marl\u00e8ne Vandendriessche, Nicolas Cauchard, Marion Capoulade, Sophie ABSALON","breadcrumb":{"@id":"https:\/\/vita-gv.fr\/index.php\/animateurs-vita-gv-2\/#breadcrumb"},"inLanguage":"fr-FR","potentialAction":[{"@type":"ReadAction","target":["https:\/\/vita-gv.fr\/index.php\/animateurs-vita-gv-2\/"]}]},{"@type":"BreadcrumbList","@id":"https:\/\/vita-gv.fr\/index.php\/animateurs-vita-gv-2\/#breadcrumb","itemListElement":[{"@type":"ListItem","position":1,"name":"Accueil","item":"https:\/\/vita-gv.fr\/"},{"@type":"ListItem","position":2,"name":"ANIMATEURS VITA-GV"}]},{"@type":"WebSite","@id":"https:\/\/vita-gv.fr\/#website","url":"https:\/\/vita-gv.fr\/","name":"VITA-GV","description":"Gymnastique volontaire de Vincennes","publisher":{"@id":"https:\/\/vita-gv.fr\/#organization"},"potentialAction":[{"@type":"SearchAction","target":{"@type":"EntryPoint","urlTemplate":"https:\/\/vita-gv.fr\/?s={search_term_string}"},"query-input":{"@type":"PropertyValueSpecification","valueRequired":true,"valueName":"search_term_string"}}],"inLanguage":"fr-FR"},{"@type":"Organization","@id":"https:\/\/vita-gv.fr\/#organization","name":"VITA-GV","url":"https:\/\/vita-gv.fr\/","logo":{"@type":"ImageObject","inLanguage":"fr-FR","@id":"https:\/\/vita-gv.fr\/#\/schema\/logo\/image\/","url":"https:\/\/vita-gv.fr\/wp-content\/uploads\/2018\/04\/logo-QCLSS-17-21-A094002-COULEUR.jpeg","contentUrl":"https:\/\/vita-gv.fr\/wp-content\/uploads\/2018\/04\/logo-QCLSS-17-21-A094002-COULEUR.jpeg","width":476,"height":693,"caption":"VITA-GV"},"image":{"@id":"https:\/\/vita-gv.fr\/#\/schema\/logo\/image\/"}}]}},"_links":{"self":[{"href":"https:\/\/vita-gv.fr\/index.php\/wp-json\/wp\/v2\/pages\/2111","targetHints":{"allow":["GET"]}}],"collection":[{"href":"https:\/\/vita-gv.fr\/index.php\/wp-json\/wp\/v2\/pages"}],"about":[{"href":"https:\/\/vita-gv.fr\/index.php\/wp-json\/wp\/v2\/types\/page"}],"author":[{"embeddable":true,"href":"https:\/\/vita-gv.fr\/index.php\/wp-json\/wp\/v2\/users\/1"}],"replies":[{"embeddable":true,"href":"https:\/\/vita-gv.fr\/index.php\/wp-json\/wp\/v2\/comments?post=2111"}],"version-history":[{"count":138,"href":"https:\/\/vita-gv.fr\/index.php\/wp-json\/wp\/v2\/pages\/2111\/revisions"}],"predecessor-version":[{"id":4548,"href":"https:\/\/vita-gv.fr\/index.php\/wp-json\/wp\/v2\/pages\/2111\/revisions\/4548"}],"wp:attachment":[{"href":"https:\/\/vita-gv.fr\/index.php\/wp-json\/wp\/v2\/media?parent=2111"}],"curies":[{"name":"wp","href":"https:\/\/api.w.org\/{rel}","templated":true}]}}